{"id":1487,"date":"2025-07-01T16:47:27","date_gmt":"2025-07-01T13:47:27","guid":{"rendered":"https:\/\/www.een-istanbul.org\/?post_type=tribe_events&#038;p=1487"},"modified":"2025-07-23T20:49:43","modified_gmt":"2025-07-23T17:49:43","slug":"green-days-pollutec-2025-uluslararasi-b2b-etkinligi-fiziki-1-4-ekim-2025-lyon-fransa","status":"publish","type":"tribe_events","link":"https:\/\/www.een-istanbul.org\/en\/event\/green-days-pollutec-2025-uluslararasi-b2b-etkinligi-fiziki-1-4-ekim-2025-lyon-fransa\/","title":{"rendered":"Green Days @ Pollutec 2025 Uluslararas\u0131 B2B Etkinli\u011fi (Fiziki) \u2013 07 &#8211; 10 Ekim 2025, Lyon \/ Fransa"},"content":{"rendered":"<p data-start=\"540\" data-end=\"853\"><img fetchpriority=\"high\" decoding=\"async\" class=\"aligncenter wp-image-1488\" src=\"https:\/\/www.een-istanbul.org\/wp-content\/uploads\/2025\/07\/pollutec-1024x1024.png\" alt=\"\" width=\"500\" height=\"500\" srcset=\"https:\/\/www.een-istanbul.org\/wp-content\/uploads\/2025\/07\/pollutec-1024x1024.png 1024w, https:\/\/www.een-istanbul.org\/wp-content\/uploads\/2025\/07\/pollutec-300x300.png 300w, https:\/\/www.een-istanbul.org\/wp-content\/uploads\/2025\/07\/pollutec-150x150.png 150w, https:\/\/www.een-istanbul.org\/wp-content\/uploads\/2025\/07\/pollutec-768x768.png 768w, https:\/\/www.een-istanbul.org\/wp-content\/uploads\/2025\/07\/pollutec-12x12.png 12w, https:\/\/www.een-istanbul.org\/wp-content\/uploads\/2025\/07\/pollutec.png 1200w\" sizes=\"(max-width: 500px) 100vw, 500px\" \/><\/p>\n<p data-start=\"540\" data-end=\"853\"><strong data-start=\"540\" data-end=\"554\">Green Days<\/strong>, \u00e7evre ve enerji sekt\u00f6rlerinin en b\u00fcy\u00fck fuarlar\u0131ndan biri olan <strong data-start=\"618\" data-end=\"635\">Pollutec 2025<\/strong> kapsam\u0131nda d\u00fczenlenen uluslararas\u0131 arac\u0131l\u0131k etkinli\u011fidir. <strong data-start=\"694\" data-end=\"729\">Enterprise Europe Network (EEN)<\/strong> ve <strong data-start=\"733\" data-end=\"781\">Auvergne-Rh\u00f4ne-Alpes Ticaret ve Sanayi Odas\u0131<\/strong> ortakl\u0131\u011f\u0131nda, Avrupa Komisyonu e\u015f finansman\u0131yla ger\u00e7ekle\u015ftirilmektedir.<\/p>\n<p data-start=\"855\" data-end=\"1141\">Etkinlik, \u00e7evre teknolojileri, d\u00f6ng\u00fcsel ekonomi, enerji verimlili\u011fi, iklim de\u011fi\u015fikli\u011fiyle m\u00fccadele, s\u00fcrd\u00fcr\u00fclebilir kentsel geli\u015fim gibi alanlarda faaliyet g\u00f6steren firmalar\u0131 ve ara\u015ft\u0131rmac\u0131lar\u0131 bir araya getirerek yeni i\u015f birlikleri ve teknolojik ortakl\u0131klar kurulmas\u0131n\u0131 hedeflemektedir.<\/p>\n<h3 data-start=\"1148\" data-end=\"1177\"><strong data-start=\"1152\" data-end=\"1177\">Neden Kat\u0131lmal\u0131s\u0131n\u0131z?<\/strong><\/h3>\n<ul>\n<li data-start=\"1179\" data-end=\"1414\">Uluslararas\u0131 ortaklar ve m\u00fc\u015fterilerle tan\u0131\u015f\u0131n<\/li>\n<li data-start=\"1179\" data-end=\"1414\">Yeni pazarlar ve teknolojilere eri\u015fin<\/li>\n<li data-start=\"1179\" data-end=\"1414\">\u015eirketinizin g\u00f6r\u00fcn\u00fcrl\u00fc\u011f\u00fcn\u00fc art\u0131r\u0131n<\/li>\n<li data-start=\"1179\" data-end=\"1414\">Avrupa projeleri i\u00e7in ortaklar bulun<\/li>\n<li data-start=\"1179\" data-end=\"1414\">S\u00fcrd\u00fcr\u00fclebilirlik ve dijitalle\u015fme hedeflerinizi h\u0131zland\u0131r\u0131n<\/li>\n<\/ul>\n<p data-start=\"1416\" data-end=\"1544\">2023 y\u0131l\u0131nda Green Days, 48 \u00fclkeden 600\u2019den fazla kat\u0131l\u0131mc\u0131y\u0131 bir araya getirmi\u015f ve 1610 ikili i\u015f g\u00f6r\u00fc\u015fmesi organize edilmi\u015ftir.<\/p>\n<h3 data-start=\"1551\" data-end=\"1576\"><strong data-start=\"1555\" data-end=\"1576\">Kimler Kat\u0131lmal\u0131?<\/strong><\/h3>\n<ul>\n<li data-start=\"1578\" data-end=\"1724\">KOB\u0130\u2019ler ve b\u00fcy\u00fck sanayi firmalar\u0131<\/li>\n<li data-start=\"1578\" data-end=\"1724\">Ara\u015ft\u0131rma ve teknoloji merkezleri<\/li>\n<li data-start=\"1578\" data-end=\"1724\">Start-up\u2019lar<\/li>\n<li data-start=\"1578\" data-end=\"1724\">\u00dcniversiteler<\/li>\n<li data-start=\"1578\" data-end=\"1724\">K\u00fcmelenmeler ve kamu kurumlar\u0131<\/li>\n<\/ul>\n<h3 data-start=\"1731\" data-end=\"1763\"><strong data-start=\"1735\" data-end=\"1763\">Kay\u0131t &amp; \u0130kili G\u00f6r\u00fc\u015fmeler<\/strong><\/h3>\n<p data-start=\"1765\" data-end=\"2037\">\u2705 <strong data-start=\"1767\" data-end=\"1800\">Etkinli\u011fe kat\u0131l\u0131m \u00fccretsizdir<\/strong>, ancak kay\u0131t zorunludur.<br data-start=\"1825\" data-end=\"1828\" \/>\ud83c\udf9f\ufe0f <strong data-start=\"1832\" data-end=\"1870\">Pollutec fuar\u0131na giri\u015f \u00fccretlidir.<\/strong><br data-start=\"1870\" data-end=\"1873\" \/>\ud83d\udd17 Kay\u0131t ve bilgi: <a class=\"\" href=\"https:\/\/www.b2match.com\/e\/green-days-pollutec-2025\" target=\"_new\" rel=\"noopener\" data-start=\"1892\" data-end=\"1996\">https:\/\/www.b2match.com\/e\/green-days-pollutec-2025<\/a><br data-start=\"1996\" data-end=\"1999\" \/>\ud83d\udcc6 <strong data-start=\"2002\" data-end=\"2023\">Son kay\u0131t tarihi:<\/strong> 12 Eyl\u00fcl 2025<\/p>\n<p data-start=\"2039\" data-end=\"2249\">\u0130kili g\u00f6r\u00fc\u015fmeler, yakla\u015f\u0131k 20 dakika s\u00fcren ve \u00f6nceden onaylanan toplant\u0131lard\u0131r. G\u00f6r\u00fc\u015fmeler, kat\u0131l\u0131mc\u0131lar\u0131n teknoloji profilleri, ticari teklifler\/talepleri ve proje ortakl\u0131k aray\u0131\u015flar\u0131 temel al\u0131narak planlan\u0131r.<\/p>\n<p data-start=\"2251\" data-end=\"2367\">EEN uzmanlar\u0131, kay\u0131t ve toplant\u0131 se\u00e7im s\u00fcre\u00e7lerinde destek sa\u011flayacak ve etkinlik boyunca sahada yard\u0131mc\u0131 olacakt\u0131r.<\/p>\n<p data-start=\"1416\" data-end=\"1544\">\n","protected":false},"excerpt":{"rendered":"<p>Green Days, \u00e7evre ve enerji sekt\u00f6rlerinin en b\u00fcy\u00fck fuarlar\u0131ndan biri olan Pollutec 2025 kapsam\u0131nda d\u00fczenlenen uluslararas\u0131 arac\u0131l\u0131k etkinli\u011fidir. Enterprise Europe Network (EEN) ve Auvergne-Rh\u00f4ne-Alpes Ticaret ve Sanayi Odas\u0131 ortakl\u0131\u011f\u0131nda, Avrupa [&hellip;]<\/p>\n","protected":false},"author":4,"featured_media":0,"comment_status":"closed","ping_status":"closed","template":"","meta":{"_acf_changed":false,"_tribe_events_status":"","_tribe_events_status_reason":"","footnotes":""},"tags":[],"tribe_events_cat":[],"class_list":["post-1487","tribe_events","type-tribe_events","status-publish","hentry"],"yoast_head":"<!-- This site is optimized with the Yoast SEO plugin v24.6 - https:\/\/yoast.com\/wordpress\/plugins\/seo\/ -->\n<title>Green Days @ Pollutec 2025 Uluslararas\u0131 B2B Etkinli\u011fi (Fiziki) \u2013 07 - 10 Ekim 2025, Lyon \/ Fransa - AIA - Avrupa \u0130\u015fletmeleri A\u011f\u0131<\/title>\n<meta name=\"robots\" content=\"index, follow, max-snippet:-1, max-image-preview:large, max-video-preview:-1\" \/>\n<link rel=\"canonical\" href=\"https:\/\/www.een-istanbul.org\/en\/event\/green-days-pollutec-2025-uluslararasi-b2b-etkinligi-fiziki-1-4-ekim-2025-lyon-fransa\/\" \/>\n<meta property=\"og:locale\" content=\"en_US\" \/>\n<meta property=\"og:type\" content=\"article\" \/>\n<meta property=\"og:title\" content=\"Green Days @ Pollutec 2025 Uluslararas\u0131 B2B Etkinli\u011fi (Fiziki) \u2013 07 - 10 Ekim 2025, Lyon \/ Fransa - AIA - Avrupa \u0130\u015fletmeleri A\u011f\u0131\" \/>\n<meta property=\"og:description\" content=\"Green Days, \u00e7evre ve enerji sekt\u00f6rlerinin en b\u00fcy\u00fck fuarlar\u0131ndan biri olan Pollutec 2025 kapsam\u0131nda d\u00fczenlenen uluslararas\u0131 arac\u0131l\u0131k etkinli\u011fidir. Enterprise Europe Network (EEN) ve Auvergne-Rh\u00f4ne-Alpes Ticaret ve Sanayi Odas\u0131 ortakl\u0131\u011f\u0131nda, Avrupa [&hellip;]\" \/>\n<meta property=\"og:url\" content=\"https:\/\/www.een-istanbul.org\/en\/event\/green-days-pollutec-2025-uluslararasi-b2b-etkinligi-fiziki-1-4-ekim-2025-lyon-fransa\/\" \/>\n<meta property=\"og:site_name\" content=\"AIA - Avrupa \u0130\u015fletmeleri A\u011f\u0131\" \/>\n<meta property=\"article:modified_time\" content=\"2025-07-23T17:49:43+00:00\" \/>\n<meta property=\"og:image\" content=\"https:\/\/www.een-istanbul.org\/wp-content\/uploads\/2025\/07\/pollutec.png\" \/>\n\t<meta property=\"og:image:width\" content=\"1200\" \/>\n\t<meta property=\"og:image:height\" content=\"1200\" \/>\n\t<meta property=\"og:image:type\" content=\"image\/png\" \/>\n<meta name=\"twitter:card\" content=\"summary_large_image\" \/>\n<meta name=\"twitter:label1\" content=\"Est. reading time\" \/>\n\t<meta name=\"twitter:data1\" content=\"2 minutes\" \/>\n<script type=\"application\/ld+json\" class=\"yoast-schema-graph\">{\"@context\":\"https:\/\/schema.org\",\"@graph\":[{\"@type\":\"WebPage\",\"@id\":\"https:\/\/www.een-istanbul.org\/event\/green-days-pollutec-2025-uluslararasi-b2b-etkinligi-fiziki-1-4-ekim-2025-lyon-fransa\/\",\"url\":\"https:\/\/www.een-istanbul.org\/event\/green-days-pollutec-2025-uluslararasi-b2b-etkinligi-fiziki-1-4-ekim-2025-lyon-fransa\/\",\"name\":\"Green Days @ Pollutec 2025 Uluslararas\u0131 B2B Etkinli\u011fi (Fiziki) \u2013 07 - 10 Ekim 2025, Lyon \/ Fransa - AIA - Avrupa \u0130\u015fletmeleri A\u011f\u0131\",\"isPartOf\":{\"@id\":\"https:\/\/www.een-istanbul.org\/#website\"},\"primaryImageOfPage\":{\"@id\":\"https:\/\/www.een-istanbul.org\/event\/green-days-pollutec-2025-uluslararasi-b2b-etkinligi-fiziki-1-4-ekim-2025-lyon-fransa\/#primaryimage\"},\"image\":{\"@id\":\"https:\/\/www.een-istanbul.org\/event\/green-days-pollutec-2025-uluslararasi-b2b-etkinligi-fiziki-1-4-ekim-2025-lyon-fransa\/#primaryimage\"},\"thumbnailUrl\":\"https:\/\/www.een-istanbul.org\/wp-content\/uploads\/2025\/07\/pollutec-1024x1024.png\",\"datePublished\":\"2025-07-01T13:47:27+00:00\",\"dateModified\":\"2025-07-23T17:49:43+00:00\",\"breadcrumb\":{\"@id\":\"https:\/\/www.een-istanbul.org\/event\/green-days-pollutec-2025-uluslararasi-b2b-etkinligi-fiziki-1-4-ekim-2025-lyon-fransa\/#breadcrumb\"},\"inLanguage\":\"en-US\",\"potentialAction\":[{\"@type\":\"ReadAction\",\"target\":[\"https:\/\/www.een-istanbul.org\/event\/green-days-pollutec-2025-uluslararasi-b2b-etkinligi-fiziki-1-4-ekim-2025-lyon-fransa\/\"]}]},{\"@type\":\"ImageObject\",\"inLanguage\":\"en-US\",\"@id\":\"https:\/\/www.een-istanbul.org\/event\/green-days-pollutec-2025-uluslararasi-b2b-etkinligi-fiziki-1-4-ekim-2025-lyon-fransa\/#primaryimage\",\"url\":\"https:\/\/www.een-istanbul.org\/wp-content\/uploads\/2025\/07\/pollutec-1024x1024.png\",\"contentUrl\":\"https:\/\/www.een-istanbul.org\/wp-content\/uploads\/2025\/07\/pollutec-1024x1024.png\"},{\"@type\":\"BreadcrumbList\",\"@id\":\"https:\/\/www.een-istanbul.org\/event\/green-days-pollutec-2025-uluslararasi-b2b-etkinligi-fiziki-1-4-ekim-2025-lyon-fransa\/#breadcrumb\",\"itemListElement\":[{\"@type\":\"ListItem\",\"position\":1,\"name\":\"Home\",\"item\":\"https:\/\/www.een-istanbul.org\/\"},{\"@type\":\"ListItem\",\"position\":2,\"name\":\"Events\",\"item\":\"https:\/\/www.een-istanbul.org\/etkinlikler\/\"},{\"@type\":\"ListItem\",\"position\":3,\"name\":\"Green Days @ Pollutec 2025 Uluslararas\u0131 B2B Etkinli\u011fi (Fiziki) \u2013 07 &#8211; 10 Ekim 2025, Lyon \/ Fransa\"}]},{\"@type\":\"WebSite\",\"@id\":\"https:\/\/www.een-istanbul.org\/#website\",\"url\":\"https:\/\/www.een-istanbul.org\/\",\"name\":\"AIA - Avrupa \u0130\u015fletmeleri A\u011f\u0131\",\"description\":\"\",\"publisher\":{\"@id\":\"https:\/\/www.een-istanbul.org\/#organization\"},\"potentialAction\":[{\"@type\":\"SearchAction\",\"target\":{\"@type\":\"EntryPoint\",\"urlTemplate\":\"https:\/\/www.een-istanbul.org\/?s={search_term_string}\"},\"query-input\":{\"@type\":\"PropertyValueSpecification\",\"valueRequired\":true,\"valueName\":\"search_term_string\"}}],\"inLanguage\":\"en-US\"},{\"@type\":\"Organization\",\"@id\":\"https:\/\/www.een-istanbul.org\/#organization\",\"name\":\"AIA - Avrupa \u0130\u015fletmeleri A\u011f\u0131\",\"url\":\"https:\/\/www.een-istanbul.org\/\",\"logo\":{\"@type\":\"ImageObject\",\"inLanguage\":\"en-US\",\"@id\":\"https:\/\/www.een-istanbul.org\/#\/schema\/logo\/image\/\",\"url\":\"https:\/\/www.een-istanbul.org\/wp-content\/uploads\/2024\/05\/EEN_logo_RGB_HORIZ_negative-header_0.png\",\"contentUrl\":\"https:\/\/www.een-istanbul.org\/wp-content\/uploads\/2024\/05\/EEN_logo_RGB_HORIZ_negative-header_0.png\",\"width\":190,\"height\":72,\"caption\":\"AIA - Avrupa \u0130\u015fletmeleri A\u011f\u0131\"},\"image\":{\"@id\":\"https:\/\/www.een-istanbul.org\/#\/schema\/logo\/image\/\"}}]}<\/script>\n<!-- \/ Yoast SEO plugin. -->","yoast_head_json":{"title":"Green Days @ Pollutec 2025 Uluslararas\u0131 B2B Etkinli\u011fi (Fiziki) \u2013 07 - 10 Ekim 2025, Lyon \/ Fransa - AIA - Avrupa \u0130\u015fletmeleri A\u011f\u0131","robots":{"index":"index","follow":"follow","max-snippet":"max-snippet:-1","max-image-preview":"max-image-preview:large","max-video-preview":"max-video-preview:-1"},"canonical":"https:\/\/www.een-istanbul.org\/en\/event\/green-days-pollutec-2025-uluslararasi-b2b-etkinligi-fiziki-1-4-ekim-2025-lyon-fransa\/","og_locale":"en_US","og_type":"article","og_title":"Green Days @ Pollutec 2025 Uluslararas\u0131 B2B Etkinli\u011fi (Fiziki) \u2013 07 - 10 Ekim 2025, Lyon \/ Fransa - AIA - Avrupa \u0130\u015fletmeleri A\u011f\u0131","og_description":"Green Days, \u00e7evre ve enerji sekt\u00f6rlerinin en b\u00fcy\u00fck fuarlar\u0131ndan biri olan Pollutec 2025 kapsam\u0131nda d\u00fczenlenen uluslararas\u0131 arac\u0131l\u0131k etkinli\u011fidir. Enterprise Europe Network (EEN) ve Auvergne-Rh\u00f4ne-Alpes Ticaret ve Sanayi Odas\u0131 ortakl\u0131\u011f\u0131nda, Avrupa [&hellip;]","og_url":"https:\/\/www.een-istanbul.org\/en\/event\/green-days-pollutec-2025-uluslararasi-b2b-etkinligi-fiziki-1-4-ekim-2025-lyon-fransa\/","og_site_name":"AIA - Avrupa \u0130\u015fletmeleri A\u011f\u0131","article_modified_time":"2025-07-23T17:49:43+00:00","og_image":[{"width":1200,"height":1200,"url":"https:\/\/www.een-istanbul.org\/wp-content\/uploads\/2025\/07\/pollutec.png","type":"image\/png"}],"twitter_card":"summary_large_image","twitter_misc":{"Est. reading time":"2 minutes"},"schema":{"@context":"https:\/\/schema.org","@graph":[{"@type":"WebPage","@id":"https:\/\/www.een-istanbul.org\/event\/green-days-pollutec-2025-uluslararasi-b2b-etkinligi-fiziki-1-4-ekim-2025-lyon-fransa\/","url":"https:\/\/www.een-istanbul.org\/event\/green-days-pollutec-2025-uluslararasi-b2b-etkinligi-fiziki-1-4-ekim-2025-lyon-fransa\/","name":"Green Days @ Pollutec 2025 Uluslararas\u0131 B2B Etkinli\u011fi (Fiziki) \u2013 07 - 10 Ekim 2025, Lyon \/ Fransa - AIA - Avrupa \u0130\u015fletmeleri A\u011f\u0131","isPartOf":{"@id":"https:\/\/www.een-istanbul.org\/#website"},"primaryImageOfPage":{"@id":"https:\/\/www.een-istanbul.org\/event\/green-days-pollutec-2025-uluslararasi-b2b-etkinligi-fiziki-1-4-ekim-2025-lyon-fransa\/#primaryimage"},"image":{"@id":"https:\/\/www.een-istanbul.org\/event\/green-days-pollutec-2025-uluslararasi-b2b-etkinligi-fiziki-1-4-ekim-2025-lyon-fransa\/#primaryimage"},"thumbnailUrl":"https:\/\/www.een-istanbul.org\/wp-content\/uploads\/2025\/07\/pollutec-1024x1024.png","datePublished":"2025-07-01T13:47:27+00:00","dateModified":"2025-07-23T17:49:43+00:00","breadcrumb":{"@id":"https:\/\/www.een-istanbul.org\/event\/green-days-pollutec-2025-uluslararasi-b2b-etkinligi-fiziki-1-4-ekim-2025-lyon-fransa\/#breadcrumb"},"inLanguage":"en-US","potentialAction":[{"@type":"ReadAction","target":["https:\/\/www.een-istanbul.org\/event\/green-days-pollutec-2025-uluslararasi-b2b-etkinligi-fiziki-1-4-ekim-2025-lyon-fransa\/"]}]},{"@type":"ImageObject","inLanguage":"en-US","@id":"https:\/\/www.een-istanbul.org\/event\/green-days-pollutec-2025-uluslararasi-b2b-etkinligi-fiziki-1-4-ekim-2025-lyon-fransa\/#primaryimage","url":"https:\/\/www.een-istanbul.org\/wp-content\/uploads\/2025\/07\/pollutec-1024x1024.png","contentUrl":"https:\/\/www.een-istanbul.org\/wp-content\/uploads\/2025\/07\/pollutec-1024x1024.png"},{"@type":"BreadcrumbList","@id":"https:\/\/www.een-istanbul.org\/event\/green-days-pollutec-2025-uluslararasi-b2b-etkinligi-fiziki-1-4-ekim-2025-lyon-fransa\/#breadcrumb","itemListElement":[{"@type":"ListItem","position":1,"name":"Home","item":"https:\/\/www.een-istanbul.org\/"},{"@type":"ListItem","position":2,"name":"Events","item":"https:\/\/www.een-istanbul.org\/etkinlikler\/"},{"@type":"ListItem","position":3,"name":"Green Days @ Pollutec 2025 Uluslararas\u0131 B2B Etkinli\u011fi (Fiziki) \u2013 07 &#8211; 10 Ekim 2025, Lyon \/ Fransa"}]},{"@type":"WebSite","@id":"https:\/\/www.een-istanbul.org\/#website","url":"https:\/\/www.een-istanbul.org\/","name":"AIA - Avrupa \u0130\u015fletmeleri A\u011f\u0131","description":"","publisher":{"@id":"https:\/\/www.een-istanbul.org\/#organization"},"potentialAction":[{"@type":"SearchAction","target":{"@type":"EntryPoint","urlTemplate":"https:\/\/www.een-istanbul.org\/?s={search_term_string}"},"query-input":{"@type":"PropertyValueSpecification","valueRequired":true,"valueName":"search_term_string"}}],"inLanguage":"en-US"},{"@type":"Organization","@id":"https:\/\/www.een-istanbul.org\/#organization","name":"AIA - Avrupa \u0130\u015fletmeleri A\u011f\u0131","url":"https:\/\/www.een-istanbul.org\/","logo":{"@type":"ImageObject","inLanguage":"en-US","@id":"https:\/\/www.een-istanbul.org\/#\/schema\/logo\/image\/","url":"https:\/\/www.een-istanbul.org\/wp-content\/uploads\/2024\/05\/EEN_logo_RGB_HORIZ_negative-header_0.png","contentUrl":"https:\/\/www.een-istanbul.org\/wp-content\/uploads\/2024\/05\/EEN_logo_RGB_HORIZ_negative-header_0.png","width":190,"height":72,"caption":"AIA - Avrupa \u0130\u015fletmeleri A\u011f\u0131"},"image":{"@id":"https:\/\/www.een-istanbul.org\/#\/schema\/logo\/image\/"}}]}},"acf":[],"_links":{"self":[{"href":"https:\/\/www.een-istanbul.org\/en\/wp-json\/wp\/v2\/tribe_events\/1487","targetHints":{"allow":["GET"]}}],"collection":[{"href":"https:\/\/www.een-istanbul.org\/en\/wp-json\/wp\/v2\/tribe_events"}],"about":[{"href":"https:\/\/www.een-istanbul.org\/en\/wp-json\/wp\/v2\/types\/tribe_events"}],"author":[{"embeddable":true,"href":"https:\/\/www.een-istanbul.org\/en\/wp-json\/wp\/v2\/users\/4"}],"replies":[{"embeddable":true,"href":"https:\/\/www.een-istanbul.org\/en\/wp-json\/wp\/v2\/comments?post=1487"}],"version-history":[{"count":2,"href":"https:\/\/www.een-istanbul.org\/en\/wp-json\/wp\/v2\/tribe_events\/1487\/revisions"}],"predecessor-version":[{"id":1493,"href":"https:\/\/www.een-istanbul.org\/en\/wp-json\/wp\/v2\/tribe_events\/1487\/revisions\/1493"}],"wp:attachment":[{"href":"https:\/\/www.een-istanbul.org\/en\/wp-json\/wp\/v2\/media?parent=1487"}],"wp:term":[{"taxonomy":"post_tag","embeddable":true,"href":"https:\/\/www.een-istanbul.org\/en\/wp-json\/wp\/v2\/tags?post=1487"},{"taxonomy":"tribe_events_cat","embeddable":true,"href":"https:\/\/www.een-istanbul.org\/en\/wp-json\/wp\/v2\/tribe_events_cat?post=1487"}],"curies":[{"name":"wp","href":"https:\/\/api.w.org\/{rel}","templated":true}]}}