{"id":1496,"date":"2025-07-04T10:13:38","date_gmt":"2025-07-04T07:13:38","guid":{"rendered":"https:\/\/www.een-istanbul.org\/?post_type=tribe_events&#038;p=1496"},"modified":"2025-07-04T10:24:12","modified_gmt":"2025-07-04T07:24:12","slug":"ufuk-avrupa-programi-temel-bilgilendirme-egitimi","status":"publish","type":"tribe_events","link":"https:\/\/www.een-istanbul.org\/en\/event\/ufuk-avrupa-programi-temel-bilgilendirme-egitimi\/","title":{"rendered":"Ufuk Avrupa Program\u0131 Temel Bilgilendirme E\u011fitimi"},"content":{"rendered":"<p data-start=\"427\" data-end=\"627\">\n<p data-start=\"427\" data-end=\"627\">EEN \u0130stanbul, \u0130stanbul Sanayi Odas\u0131 ekibi olarak \u0130stanbul Proje Akademisi faaliyetlerimiz kapsam\u0131nda sanayi kurulu\u015flar\u0131m\u0131z\u0131n ve di\u011fer payda\u015flar\u0131m\u0131z\u0131n Avrupa Birli\u011fi&#8217;nin Ar-Ge ve inovasyon fonlar\u0131ndan daha etkin yararlanmas\u0131n\u0131 desteklemek amac\u0131yla\u00a0<strong data-start=\"848\" data-end=\"902\">&#8220;Ufuk Avrupa Program\u0131 Temel Bilgilendirme E\u011fitimi&#8221;<\/strong> d\u00fczenliyoruz. E\u011fitim, 17 Temmuz 2025 Per\u015fembe g\u00fcn\u00fc, saat 14:00-16:30 aras\u0131nda \u00e7evrim i\u00e7i olarak ger\u00e7ekle\u015ftirilecektir.<\/p>\n<p data-start=\"1001\" data-end=\"1222\">Bu e\u011fitimde, Ufuk Avrupa Program\u0131&#8217;na dair temel bilgiler sunulacak; ayr\u0131ca May\u0131s 2025 itibar\u0131yla yay\u0131nlanan yeni d\u00f6nem \u00e7al\u0131\u015fma programlar\u0131na ili\u015fkin genel bilgilendirme ve \u00f6rnek \u00e7a\u011fr\u0131 incelemeleri yap\u0131lacakt\u0131r.<\/p>\n<p>\ud83d\udccc\u00a0<strong>E\u011fitim \u0130\u00e7eri\u011fi:<\/strong><br \/>\n\u2705\u00a0Avrupa Birli\u011fi Fon Programlar\u0131na Genel Bak\u0131\u015f<br \/>\n\u2705\u00a0Ufuk Avrupa Program\u0131: \u00d6ncelikler, Misyonlar, Beklenen Etki<br \/>\n\u2705\u00a0Ufuk Avrupa Program\u0131 S\u00fctunlar\u0131, Alt Programlar ve Ortakl\u0131klar<br \/>\n\u2705\u00a0Ufuk Avrupa Proje Tipleri ve Fonlama Oranlar\u0131<br \/>\n\u2705\u00a0Ufuk Avrupa \u00c7a\u011fr\u0131lar\u0131na Eri\u015fim: Funding and Tenders Portal\u0131<br \/>\n\u2705\u00a0\u00d6rnek \u00c7a\u011fr\u0131 \u0130ncelemeleri<br \/>\n\u2705\u00a0Proje De\u011ferlendirme Kriterleri<br \/>\n\u2705\u00a0T\u00dcB\u0130TAK Destekleri<\/p>\n<p>\ud83d\udce9 Kat\u0131l\u0131m \u00fccretsiz olup, etkinlik kat\u0131l\u0131m ba\u011flant\u0131s\u0131, 16 Temmuz 2025 \u00c7ar\u015famba g\u00fcn\u00fc t\u00fcm kat\u0131l\u0131mc\u0131larla payla\u015f\u0131lacakt\u0131r.<\/p>\n<p data-start=\"1001\" data-end=\"1222\">Kay\u0131t Linki: <a href=\"https:\/\/eoda.iso.org.tr\/Seminer\/SeminerDetay?seminerKodu=SEM5525\">https:\/\/eoda.iso.org.tr\/Seminer\/SeminerDetay?seminerKodu=SEM5525<\/a><\/p>\n","protected":false},"excerpt":{"rendered":"<p>EEN \u0130stanbul, \u0130stanbul Sanayi Odas\u0131 ekibi olarak \u0130stanbul Proje Akademisi faaliyetlerimiz kapsam\u0131nda sanayi kurulu\u015flar\u0131m\u0131z\u0131n ve di\u011fer payda\u015flar\u0131m\u0131z\u0131n Avrupa Birli\u011fi&#8217;nin Ar-Ge ve inovasyon fonlar\u0131ndan daha etkin yararlanmas\u0131n\u0131 desteklemek amac\u0131yla\u00a0&#8220;Ufuk Avrupa Program\u0131 [&hellip;]<\/p>\n","protected":false},"author":4,"featured_media":1497,"comment_status":"closed","ping_status":"closed","template":"","meta":{"_acf_changed":false,"_tribe_events_status":"","_tribe_events_status_reason":"","footnotes":""},"tags":[20,19,21,18],"tribe_events_cat":[],"class_list":["post-1496","tribe_events","type-tribe_events","status-publish","has-post-thumbnail","hentry","tag-abfonlari","tag-ar-geinovasyon","tag-horizon-europe","tag-ufukavrupa"],"yoast_head":"<!-- This site is optimized with the Yoast SEO plugin v24.6 - https:\/\/yoast.com\/wordpress\/plugins\/seo\/ -->\n<title>Ufuk Avrupa Program\u0131 Temel Bilgilendirme E\u011fitimi - AIA - Avrupa \u0130\u015fletmeleri A\u011f\u0131<\/title>\n<meta name=\"robots\" content=\"index, follow, max-snippet:-1, max-image-preview:large, max-video-preview:-1\" \/>\n<link rel=\"canonical\" href=\"https:\/\/www.een-istanbul.org\/en\/event\/ufuk-avrupa-programi-temel-bilgilendirme-egitimi\/\" \/>\n<meta property=\"og:locale\" content=\"en_US\" \/>\n<meta property=\"og:type\" content=\"article\" \/>\n<meta property=\"og:title\" content=\"Ufuk Avrupa Program\u0131 Temel Bilgilendirme E\u011fitimi - AIA - Avrupa \u0130\u015fletmeleri A\u011f\u0131\" \/>\n<meta property=\"og:description\" content=\"EEN \u0130stanbul, \u0130stanbul Sanayi Odas\u0131 ekibi olarak \u0130stanbul Proje Akademisi faaliyetlerimiz kapsam\u0131nda sanayi kurulu\u015flar\u0131m\u0131z\u0131n ve di\u011fer payda\u015flar\u0131m\u0131z\u0131n Avrupa Birli\u011fi&#8217;nin Ar-Ge ve inovasyon fonlar\u0131ndan daha etkin yararlanmas\u0131n\u0131 desteklemek amac\u0131yla\u00a0&#8220;Ufuk Avrupa Program\u0131 [&hellip;]\" \/>\n<meta property=\"og:url\" content=\"https:\/\/www.een-istanbul.org\/en\/event\/ufuk-avrupa-programi-temel-bilgilendirme-egitimi\/\" \/>\n<meta property=\"og:site_name\" content=\"AIA - Avrupa \u0130\u015fletmeleri A\u011f\u0131\" \/>\n<meta property=\"article:modified_time\" content=\"2025-07-04T07:24:12+00:00\" \/>\n<meta property=\"og:image\" content=\"https:\/\/www.een-istanbul.org\/wp-content\/uploads\/2025\/07\/UFUK-AVRUPA-TEMMUZ-MAILINGV2-scaled.jpg\" \/>\n\t<meta property=\"og:image:width\" content=\"2560\" \/>\n\t<meta property=\"og:image:height\" content=\"1182\" \/>\n\t<meta property=\"og:image:type\" content=\"image\/jpeg\" \/>\n<meta name=\"twitter:card\" content=\"summary_large_image\" \/>\n<meta name=\"twitter:label1\" content=\"Est. reading time\" \/>\n\t<meta name=\"twitter:data1\" content=\"2 minutes\" \/>\n<script type=\"application\/ld+json\" class=\"yoast-schema-graph\">{\"@context\":\"https:\/\/schema.org\",\"@graph\":[{\"@type\":\"WebPage\",\"@id\":\"https:\/\/www.een-istanbul.org\/event\/ufuk-avrupa-programi-temel-bilgilendirme-egitimi\/\",\"url\":\"https:\/\/www.een-istanbul.org\/event\/ufuk-avrupa-programi-temel-bilgilendirme-egitimi\/\",\"name\":\"Ufuk Avrupa Program\u0131 Temel Bilgilendirme E\u011fitimi - AIA - Avrupa \u0130\u015fletmeleri A\u011f\u0131\",\"isPartOf\":{\"@id\":\"https:\/\/www.een-istanbul.org\/#website\"},\"primaryImageOfPage\":{\"@id\":\"https:\/\/www.een-istanbul.org\/event\/ufuk-avrupa-programi-temel-bilgilendirme-egitimi\/#primaryimage\"},\"image\":{\"@id\":\"https:\/\/www.een-istanbul.org\/event\/ufuk-avrupa-programi-temel-bilgilendirme-egitimi\/#primaryimage\"},\"thumbnailUrl\":\"https:\/\/www.een-istanbul.org\/wp-content\/uploads\/2025\/07\/UFUK-AVRUPA-TEMMUZ-MAILINGV2-scaled.jpg\",\"datePublished\":\"2025-07-04T07:13:38+00:00\",\"dateModified\":\"2025-07-04T07:24:12+00:00\",\"breadcrumb\":{\"@id\":\"https:\/\/www.een-istanbul.org\/event\/ufuk-avrupa-programi-temel-bilgilendirme-egitimi\/#breadcrumb\"},\"inLanguage\":\"en-US\",\"potentialAction\":[{\"@type\":\"ReadAction\",\"target\":[\"https:\/\/www.een-istanbul.org\/event\/ufuk-avrupa-programi-temel-bilgilendirme-egitimi\/\"]}]},{\"@type\":\"ImageObject\",\"inLanguage\":\"en-US\",\"@id\":\"https:\/\/www.een-istanbul.org\/event\/ufuk-avrupa-programi-temel-bilgilendirme-egitimi\/#primaryimage\",\"url\":\"https:\/\/www.een-istanbul.org\/wp-content\/uploads\/2025\/07\/UFUK-AVRUPA-TEMMUZ-MAILINGV2-scaled.jpg\",\"contentUrl\":\"https:\/\/www.een-istanbul.org\/wp-content\/uploads\/2025\/07\/UFUK-AVRUPA-TEMMUZ-MAILINGV2-scaled.jpg\",\"width\":2560,\"height\":1182},{\"@type\":\"BreadcrumbList\",\"@id\":\"https:\/\/www.een-istanbul.org\/event\/ufuk-avrupa-programi-temel-bilgilendirme-egitimi\/#breadcrumb\",\"itemListElement\":[{\"@type\":\"ListItem\",\"position\":1,\"name\":\"Home\",\"item\":\"https:\/\/www.een-istanbul.org\/\"},{\"@type\":\"ListItem\",\"position\":2,\"name\":\"Events\",\"item\":\"https:\/\/www.een-istanbul.org\/etkinlikler\/\"},{\"@type\":\"ListItem\",\"position\":3,\"name\":\"Ufuk Avrupa Program\u0131 Temel Bilgilendirme E\u011fitimi\"}]},{\"@type\":\"WebSite\",\"@id\":\"https:\/\/www.een-istanbul.org\/#website\",\"url\":\"https:\/\/www.een-istanbul.org\/\",\"name\":\"AIA - Avrupa \u0130\u015fletmeleri A\u011f\u0131\",\"description\":\"\",\"publisher\":{\"@id\":\"https:\/\/www.een-istanbul.org\/#organization\"},\"potentialAction\":[{\"@type\":\"SearchAction\",\"target\":{\"@type\":\"EntryPoint\",\"urlTemplate\":\"https:\/\/www.een-istanbul.org\/?s={search_term_string}\"},\"query-input\":{\"@type\":\"PropertyValueSpecification\",\"valueRequired\":true,\"valueName\":\"search_term_string\"}}],\"inLanguage\":\"en-US\"},{\"@type\":\"Organization\",\"@id\":\"https:\/\/www.een-istanbul.org\/#organization\",\"name\":\"AIA - Avrupa \u0130\u015fletmeleri A\u011f\u0131\",\"url\":\"https:\/\/www.een-istanbul.org\/\",\"logo\":{\"@type\":\"ImageObject\",\"inLanguage\":\"en-US\",\"@id\":\"https:\/\/www.een-istanbul.org\/#\/schema\/logo\/image\/\",\"url\":\"https:\/\/www.een-istanbul.org\/wp-content\/uploads\/2024\/05\/EEN_logo_RGB_HORIZ_negative-header_0.png\",\"contentUrl\":\"https:\/\/www.een-istanbul.org\/wp-content\/uploads\/2024\/05\/EEN_logo_RGB_HORIZ_negative-header_0.png\",\"width\":190,\"height\":72,\"caption\":\"AIA - Avrupa \u0130\u015fletmeleri A\u011f\u0131\"},\"image\":{\"@id\":\"https:\/\/www.een-istanbul.org\/#\/schema\/logo\/image\/\"}}]}<\/script>\n<!-- \/ Yoast SEO plugin. -->","yoast_head_json":{"title":"Ufuk Avrupa Program\u0131 Temel Bilgilendirme E\u011fitimi - AIA - Avrupa \u0130\u015fletmeleri A\u011f\u0131","robots":{"index":"index","follow":"follow","max-snippet":"max-snippet:-1","max-image-preview":"max-image-preview:large","max-video-preview":"max-video-preview:-1"},"canonical":"https:\/\/www.een-istanbul.org\/en\/event\/ufuk-avrupa-programi-temel-bilgilendirme-egitimi\/","og_locale":"en_US","og_type":"article","og_title":"Ufuk Avrupa Program\u0131 Temel Bilgilendirme E\u011fitimi - AIA - Avrupa \u0130\u015fletmeleri A\u011f\u0131","og_description":"EEN \u0130stanbul, \u0130stanbul Sanayi Odas\u0131 ekibi olarak \u0130stanbul Proje Akademisi faaliyetlerimiz kapsam\u0131nda sanayi kurulu\u015flar\u0131m\u0131z\u0131n ve di\u011fer payda\u015flar\u0131m\u0131z\u0131n Avrupa Birli\u011fi&#8217;nin Ar-Ge ve inovasyon fonlar\u0131ndan daha etkin yararlanmas\u0131n\u0131 desteklemek amac\u0131yla\u00a0&#8220;Ufuk Avrupa Program\u0131 [&hellip;]","og_url":"https:\/\/www.een-istanbul.org\/en\/event\/ufuk-avrupa-programi-temel-bilgilendirme-egitimi\/","og_site_name":"AIA - Avrupa \u0130\u015fletmeleri A\u011f\u0131","article_modified_time":"2025-07-04T07:24:12+00:00","og_image":[{"width":2560,"height":1182,"url":"https:\/\/www.een-istanbul.org\/wp-content\/uploads\/2025\/07\/UFUK-AVRUPA-TEMMUZ-MAILINGV2-scaled.jpg","type":"image\/jpeg"}],"twitter_card":"summary_large_image","twitter_misc":{"Est. reading time":"2 minutes"},"schema":{"@context":"https:\/\/schema.org","@graph":[{"@type":"WebPage","@id":"https:\/\/www.een-istanbul.org\/event\/ufuk-avrupa-programi-temel-bilgilendirme-egitimi\/","url":"https:\/\/www.een-istanbul.org\/event\/ufuk-avrupa-programi-temel-bilgilendirme-egitimi\/","name":"Ufuk Avrupa Program\u0131 Temel Bilgilendirme E\u011fitimi - AIA - Avrupa \u0130\u015fletmeleri A\u011f\u0131","isPartOf":{"@id":"https:\/\/www.een-istanbul.org\/#website"},"primaryImageOfPage":{"@id":"https:\/\/www.een-istanbul.org\/event\/ufuk-avrupa-programi-temel-bilgilendirme-egitimi\/#primaryimage"},"image":{"@id":"https:\/\/www.een-istanbul.org\/event\/ufuk-avrupa-programi-temel-bilgilendirme-egitimi\/#primaryimage"},"thumbnailUrl":"https:\/\/www.een-istanbul.org\/wp-content\/uploads\/2025\/07\/UFUK-AVRUPA-TEMMUZ-MAILINGV2-scaled.jpg","datePublished":"2025-07-04T07:13:38+00:00","dateModified":"2025-07-04T07:24:12+00:00","breadcrumb":{"@id":"https:\/\/www.een-istanbul.org\/event\/ufuk-avrupa-programi-temel-bilgilendirme-egitimi\/#breadcrumb"},"inLanguage":"en-US","potentialAction":[{"@type":"ReadAction","target":["https:\/\/www.een-istanbul.org\/event\/ufuk-avrupa-programi-temel-bilgilendirme-egitimi\/"]}]},{"@type":"ImageObject","inLanguage":"en-US","@id":"https:\/\/www.een-istanbul.org\/event\/ufuk-avrupa-programi-temel-bilgilendirme-egitimi\/#primaryimage","url":"https:\/\/www.een-istanbul.org\/wp-content\/uploads\/2025\/07\/UFUK-AVRUPA-TEMMUZ-MAILINGV2-scaled.jpg","contentUrl":"https:\/\/www.een-istanbul.org\/wp-content\/uploads\/2025\/07\/UFUK-AVRUPA-TEMMUZ-MAILINGV2-scaled.jpg","width":2560,"height":1182},{"@type":"BreadcrumbList","@id":"https:\/\/www.een-istanbul.org\/event\/ufuk-avrupa-programi-temel-bilgilendirme-egitimi\/#breadcrumb","itemListElement":[{"@type":"ListItem","position":1,"name":"Home","item":"https:\/\/www.een-istanbul.org\/"},{"@type":"ListItem","position":2,"name":"Events","item":"https:\/\/www.een-istanbul.org\/etkinlikler\/"},{"@type":"ListItem","position":3,"name":"Ufuk Avrupa Program\u0131 Temel Bilgilendirme E\u011fitimi"}]},{"@type":"WebSite","@id":"https:\/\/www.een-istanbul.org\/#website","url":"https:\/\/www.een-istanbul.org\/","name":"AIA - Avrupa \u0130\u015fletmeleri A\u011f\u0131","description":"","publisher":{"@id":"https:\/\/www.een-istanbul.org\/#organization"},"potentialAction":[{"@type":"SearchAction","target":{"@type":"EntryPoint","urlTemplate":"https:\/\/www.een-istanbul.org\/?s={search_term_string}"},"query-input":{"@type":"PropertyValueSpecification","valueRequired":true,"valueName":"search_term_string"}}],"inLanguage":"en-US"},{"@type":"Organization","@id":"https:\/\/www.een-istanbul.org\/#organization","name":"AIA - Avrupa \u0130\u015fletmeleri A\u011f\u0131","url":"https:\/\/www.een-istanbul.org\/","logo":{"@type":"ImageObject","inLanguage":"en-US","@id":"https:\/\/www.een-istanbul.org\/#\/schema\/logo\/image\/","url":"https:\/\/www.een-istanbul.org\/wp-content\/uploads\/2024\/05\/EEN_logo_RGB_HORIZ_negative-header_0.png","contentUrl":"https:\/\/www.een-istanbul.org\/wp-content\/uploads\/2024\/05\/EEN_logo_RGB_HORIZ_negative-header_0.png","width":190,"height":72,"caption":"AIA - Avrupa \u0130\u015fletmeleri A\u011f\u0131"},"image":{"@id":"https:\/\/www.een-istanbul.org\/#\/schema\/logo\/image\/"}}]}},"acf":[],"_links":{"self":[{"href":"https:\/\/www.een-istanbul.org\/en\/wp-json\/wp\/v2\/tribe_events\/1496","targetHints":{"allow":["GET"]}}],"collection":[{"href":"https:\/\/www.een-istanbul.org\/en\/wp-json\/wp\/v2\/tribe_events"}],"about":[{"href":"https:\/\/www.een-istanbul.org\/en\/wp-json\/wp\/v2\/types\/tribe_events"}],"author":[{"embeddable":true,"href":"https:\/\/www.een-istanbul.org\/en\/wp-json\/wp\/v2\/users\/4"}],"replies":[{"embeddable":true,"href":"https:\/\/www.een-istanbul.org\/en\/wp-json\/wp\/v2\/comments?post=1496"}],"version-history":[{"count":8,"href":"https:\/\/www.een-istanbul.org\/en\/wp-json\/wp\/v2\/tribe_events\/1496\/revisions"}],"predecessor-version":[{"id":1506,"href":"https:\/\/www.een-istanbul.org\/en\/wp-json\/wp\/v2\/tribe_events\/1496\/revisions\/1506"}],"wp:featuredmedia":[{"embeddable":true,"href":"https:\/\/www.een-istanbul.org\/en\/wp-json\/wp\/v2\/media\/1497"}],"wp:attachment":[{"href":"https:\/\/www.een-istanbul.org\/en\/wp-json\/wp\/v2\/media?parent=1496"}],"wp:term":[{"taxonomy":"post_tag","embeddable":true,"href":"https:\/\/www.een-istanbul.org\/en\/wp-json\/wp\/v2\/tags?post=1496"},{"taxonomy":"tribe_events_cat","embeddable":true,"href":"https:\/\/www.een-istanbul.org\/en\/wp-json\/wp\/v2\/tribe_events_cat?post=1496"}],"curies":[{"name":"wp","href":"https:\/\/api.w.org\/{rel}","templated":true}]}}