{"id":1511,"date":"2025-07-24T10:46:51","date_gmt":"2025-07-24T07:46:51","guid":{"rendered":"https:\/\/www.een-istanbul.org\/?post_type=tribe_events&#038;p=1511"},"modified":"2025-07-25T10:16:55","modified_gmt":"2025-07-25T07:16:55","slug":"eic-pre-accelerator-cagrisi-bilgi-gunu","status":"publish","type":"tribe_events","link":"https:\/\/www.een-istanbul.org\/en\/event\/eic-pre-accelerator-cagrisi-bilgi-gunu\/","title":{"rendered":"EIC Pre-Accelerator \u00c7a\u011fr\u0131s\u0131 Bilgi G\u00fcn\u00fc"},"content":{"rendered":"<p><strong>Enterprise Europe Network<\/strong>, <strong>EEN2EIC, Sabanc\u0131 \u00dcniversitesi<\/strong> ve <strong>T\u00dcB\u0130TAK<\/strong> i\u015f birli\u011finde d\u00fczenledi\u011fimiz <strong>EIC Pre-Accelerator \u00c7a\u011fr\u0131s\u0131 Bilgi G\u00fcn\u00fc<\/strong> etkinli\u011fine davetlisiniz!<\/p>\n<p>\ud83d\udcc5 <strong>5 A\u011fustos 2025 | 13.00 \u2013 15.00 | Online<\/strong><\/p>\n<p><strong>Etkinlik Program\u0131:<\/strong><\/p>\n<p><strong>13.00 \u2013 13.15<\/strong>\u00a0\u2013\u00a0<strong>Enterprise Europe Network ve EEN2EIC Proje Tan\u0131t\u0131m\u0131<\/strong><\/p>\n<p>Abdurrahman T\u00fcrk, Sabanc\u0131 \u00dcniversitesi TTO \u0130\u015f Geli\u015ftirme M\u00fcd\u00fcr\u00fc<\/p>\n<p><strong>13.15 \u2013 13.45 \u2013 EIC Pre-Accelerator \u00c7a\u011fr\u0131s\u0131 Tan\u0131t\u0131m\u0131<\/strong><\/p>\n<p>Tar\u0131k \u015eahin,<strong>\u00a0<\/strong>T\u00dcB\u0130TAK EIC Ulusal \u0130rtibat Noktas\u0131<\/p>\n<p><strong>13.45 &#8211; 14.00 \u2013 T\u00dcB\u0130TAK Koordinat\u00f6rl\u00fc\u011f\u00fc Destekleme Program\u0131\u00a0<\/strong><\/p>\n<p>G\u00f6k\u00e7e Emil,T\u00dcB\u0130TAK Koordinat\u00f6rl\u00fc\u011f\u00fc Destekleme Program\u0131 Sorumlusu<\/p>\n<p><strong>14.00 \u2013 14.30 \u2013 Ba\u015fvuru S\u00fcre\u00e7leri ve Proje Yaz\u0131m\u0131<\/strong><\/p>\n<p>Alara \u00dcrey, Sabanc\u0131 \u00dcniversitesi Enterprise Europe Network Proje Uzman\u0131<\/p>\n<p><strong>14.30 \u2013 15.00 \u2013 Soru-Cevap ve Kapan\u0131\u015f<\/strong><\/p>\n<p>&nbsp;<\/p>\n<p><strong>Etkinli\u011fi kat\u0131lmak i\u00e7in <\/strong><a href=\"https:\/\/forms.gle\/WVm7UKHCXcTiUUip8\"><strong>kay\u0131t formu<\/strong><\/a><strong>\u2019nu doldurman\u0131z\u0131 rica ederiz.<\/strong><\/p>\n<p>&nbsp;<\/p>\n<p><strong>\u00c7a\u011fr\u0131 hakk\u0131nda: <\/strong><\/p>\n<p><a href=\"https:\/\/eic.ec.europa.eu\/eic-funding-opportunities\/eic-pre-accelerator_en\">EIC Pre-Accelerator<\/a>, Avrupa \u0130novasyon Konseyi (EIC)\u00a0ve Kat\u0131l\u0131m\u0131n Geni\u015fletilmesi ve ERA&#8217;n\u0131n G\u00fc\u00e7lendirilmesi (WIDERA) program\u0131 taraf\u0131ndan ortakla\u015fa y\u00fcr\u00fct\u00fclen bir pilot \u00e7a\u011fr\u0131d\u0131r. Temel amac\u0131,\u00a0geni\u015fleme \u00fclkelerindeki erken a\u015fama derin teknoloji startup&#8217;lar\u0131n\u0131n inovasyon potansiyelini art\u0131rmak, i\u015f, yat\u0131r\u0131mc\u0131 ve teknoloji olgunluklar\u0131n\u0131 geli\u015ftirerek \u00e7e\u015fitli kaynaklardan finansman sa\u011flamalar\u0131na yard\u0131mc\u0131 olmakt\u0131r. Horizon Europe\u00a0<a href=\"https:\/\/rea.ec.europa.eu\/horizon-europe-widening-who-should-apply_en\">Widening \u00fclkelerinde<\/a>\u00a0kurulmu\u015f (T\u00fcrkiye dahil) KOB\u0130&#8217;ler tek ba\u015fvuru yapabilir. TRL 4-6 seviyesinde y\u00fcksek etkili inovasyon projeleri desteklenecektir. \u00c7a\u011fr\u0131 kapsam\u0131nda proje ba\u015f\u0131na 300.000 \u2013 500.000 Euro aras\u0131 %70 destek ile hibe deste\u011fi sa\u011flanacakt\u0131r. Proje s\u00fcresi\u00a0maksimum 2 y\u0131ld\u0131r. \u00c7a\u011fr\u0131n\u0131n toplam b\u00fct\u00e7esi\u00a020 milyon Euro&#8217;dur. \u00c7a\u011fr\u0131 son ba\u015fvuru tarihi 18 Kas\u0131m 2025\u2019dir.<\/p>\n","protected":false},"excerpt":{"rendered":"<p>Enterprise Europe Network, EEN2EIC, Sabanc\u0131 \u00dcniversitesi ve T\u00dcB\u0130TAK i\u015f birli\u011finde d\u00fczenledi\u011fimiz EIC Pre-Accelerator \u00c7a\u011fr\u0131s\u0131 Bilgi G\u00fcn\u00fc etkinli\u011fine davetlisiniz! \ud83d\udcc5 5 A\u011fustos 2025 | 13.00 \u2013 15.00 | Online Etkinlik Program\u0131: [&hellip;]<\/p>\n","protected":false},"author":4,"featured_media":1512,"comment_status":"closed","ping_status":"closed","template":"","meta":{"_acf_changed":false,"_tribe_events_status":"","_tribe_events_status_reason":"","footnotes":""},"tags":[],"tribe_events_cat":[],"class_list":["post-1511","tribe_events","type-tribe_events","status-publish","has-post-thumbnail","hentry"],"yoast_head":"<!-- This site is optimized with the Yoast SEO plugin v24.6 - https:\/\/yoast.com\/wordpress\/plugins\/seo\/ -->\n<title>EIC Pre-Accelerator \u00c7a\u011fr\u0131s\u0131 Bilgi G\u00fcn\u00fc - AIA - Avrupa \u0130\u015fletmeleri A\u011f\u0131<\/title>\n<meta name=\"robots\" content=\"index, follow, max-snippet:-1, max-image-preview:large, max-video-preview:-1\" \/>\n<link rel=\"canonical\" href=\"https:\/\/www.een-istanbul.org\/en\/event\/eic-pre-accelerator-cagrisi-bilgi-gunu\/\" \/>\n<meta property=\"og:locale\" content=\"en_US\" \/>\n<meta property=\"og:type\" content=\"article\" \/>\n<meta property=\"og:title\" content=\"EIC Pre-Accelerator \u00c7a\u011fr\u0131s\u0131 Bilgi G\u00fcn\u00fc - AIA - Avrupa \u0130\u015fletmeleri A\u011f\u0131\" \/>\n<meta property=\"og:description\" content=\"Enterprise Europe Network, EEN2EIC, Sabanc\u0131 \u00dcniversitesi ve T\u00dcB\u0130TAK i\u015f birli\u011finde d\u00fczenledi\u011fimiz EIC Pre-Accelerator \u00c7a\u011fr\u0131s\u0131 Bilgi G\u00fcn\u00fc etkinli\u011fine davetlisiniz! \ud83d\udcc5 5 A\u011fustos 2025 | 13.00 \u2013 15.00 | Online Etkinlik Program\u0131: [&hellip;]\" \/>\n<meta property=\"og:url\" content=\"https:\/\/www.een-istanbul.org\/en\/event\/eic-pre-accelerator-cagrisi-bilgi-gunu\/\" \/>\n<meta property=\"og:site_name\" content=\"AIA - Avrupa \u0130\u015fletmeleri A\u011f\u0131\" \/>\n<meta property=\"article:modified_time\" content=\"2025-07-25T07:16:55+00:00\" \/>\n<meta property=\"og:image\" content=\"https:\/\/www.een-istanbul.org\/wp-content\/uploads\/2025\/07\/Pre-Accelerator-Banner.png\" \/>\n\t<meta property=\"og:image:width\" content=\"1280\" \/>\n\t<meta property=\"og:image:height\" content=\"720\" \/>\n\t<meta property=\"og:image:type\" content=\"image\/png\" \/>\n<meta name=\"twitter:card\" content=\"summary_large_image\" \/>\n<meta name=\"twitter:label1\" content=\"Est. reading time\" \/>\n\t<meta name=\"twitter:data1\" content=\"2 minutes\" \/>\n<script type=\"application\/ld+json\" class=\"yoast-schema-graph\">{\"@context\":\"https:\/\/schema.org\",\"@graph\":[{\"@type\":\"WebPage\",\"@id\":\"https:\/\/www.een-istanbul.org\/event\/eic-pre-accelerator-cagrisi-bilgi-gunu\/\",\"url\":\"https:\/\/www.een-istanbul.org\/event\/eic-pre-accelerator-cagrisi-bilgi-gunu\/\",\"name\":\"EIC Pre-Accelerator \u00c7a\u011fr\u0131s\u0131 Bilgi G\u00fcn\u00fc - AIA - Avrupa \u0130\u015fletmeleri A\u011f\u0131\",\"isPartOf\":{\"@id\":\"https:\/\/www.een-istanbul.org\/#website\"},\"primaryImageOfPage\":{\"@id\":\"https:\/\/www.een-istanbul.org\/event\/eic-pre-accelerator-cagrisi-bilgi-gunu\/#primaryimage\"},\"image\":{\"@id\":\"https:\/\/www.een-istanbul.org\/event\/eic-pre-accelerator-cagrisi-bilgi-gunu\/#primaryimage\"},\"thumbnailUrl\":\"https:\/\/www.een-istanbul.org\/wp-content\/uploads\/2025\/07\/Pre-Accelerator-Banner.png\",\"datePublished\":\"2025-07-24T07:46:51+00:00\",\"dateModified\":\"2025-07-25T07:16:55+00:00\",\"breadcrumb\":{\"@id\":\"https:\/\/www.een-istanbul.org\/event\/eic-pre-accelerator-cagrisi-bilgi-gunu\/#breadcrumb\"},\"inLanguage\":\"en-US\",\"potentialAction\":[{\"@type\":\"ReadAction\",\"target\":[\"https:\/\/www.een-istanbul.org\/event\/eic-pre-accelerator-cagrisi-bilgi-gunu\/\"]}]},{\"@type\":\"ImageObject\",\"inLanguage\":\"en-US\",\"@id\":\"https:\/\/www.een-istanbul.org\/event\/eic-pre-accelerator-cagrisi-bilgi-gunu\/#primaryimage\",\"url\":\"https:\/\/www.een-istanbul.org\/wp-content\/uploads\/2025\/07\/Pre-Accelerator-Banner.png\",\"contentUrl\":\"https:\/\/www.een-istanbul.org\/wp-content\/uploads\/2025\/07\/Pre-Accelerator-Banner.png\",\"width\":1280,\"height\":720},{\"@type\":\"BreadcrumbList\",\"@id\":\"https:\/\/www.een-istanbul.org\/event\/eic-pre-accelerator-cagrisi-bilgi-gunu\/#breadcrumb\",\"itemListElement\":[{\"@type\":\"ListItem\",\"position\":1,\"name\":\"Home\",\"item\":\"https:\/\/www.een-istanbul.org\/\"},{\"@type\":\"ListItem\",\"position\":2,\"name\":\"Events\",\"item\":\"https:\/\/www.een-istanbul.org\/etkinlikler\/\"},{\"@type\":\"ListItem\",\"position\":3,\"name\":\"EIC Pre-Accelerator \u00c7a\u011fr\u0131s\u0131 Bilgi G\u00fcn\u00fc\"}]},{\"@type\":\"WebSite\",\"@id\":\"https:\/\/www.een-istanbul.org\/#website\",\"url\":\"https:\/\/www.een-istanbul.org\/\",\"name\":\"AIA - Avrupa \u0130\u015fletmeleri A\u011f\u0131\",\"description\":\"\",\"publisher\":{\"@id\":\"https:\/\/www.een-istanbul.org\/#organization\"},\"potentialAction\":[{\"@type\":\"SearchAction\",\"target\":{\"@type\":\"EntryPoint\",\"urlTemplate\":\"https:\/\/www.een-istanbul.org\/?s={search_term_string}\"},\"query-input\":{\"@type\":\"PropertyValueSpecification\",\"valueRequired\":true,\"valueName\":\"search_term_string\"}}],\"inLanguage\":\"en-US\"},{\"@type\":\"Organization\",\"@id\":\"https:\/\/www.een-istanbul.org\/#organization\",\"name\":\"AIA - Avrupa \u0130\u015fletmeleri A\u011f\u0131\",\"url\":\"https:\/\/www.een-istanbul.org\/\",\"logo\":{\"@type\":\"ImageObject\",\"inLanguage\":\"en-US\",\"@id\":\"https:\/\/www.een-istanbul.org\/#\/schema\/logo\/image\/\",\"url\":\"https:\/\/www.een-istanbul.org\/wp-content\/uploads\/2024\/05\/EEN_logo_RGB_HORIZ_negative-header_0.png\",\"contentUrl\":\"https:\/\/www.een-istanbul.org\/wp-content\/uploads\/2024\/05\/EEN_logo_RGB_HORIZ_negative-header_0.png\",\"width\":190,\"height\":72,\"caption\":\"AIA - Avrupa \u0130\u015fletmeleri A\u011f\u0131\"},\"image\":{\"@id\":\"https:\/\/www.een-istanbul.org\/#\/schema\/logo\/image\/\"}}]}<\/script>\n<!-- \/ Yoast SEO plugin. -->","yoast_head_json":{"title":"EIC Pre-Accelerator \u00c7a\u011fr\u0131s\u0131 Bilgi G\u00fcn\u00fc - AIA - Avrupa \u0130\u015fletmeleri A\u011f\u0131","robots":{"index":"index","follow":"follow","max-snippet":"max-snippet:-1","max-image-preview":"max-image-preview:large","max-video-preview":"max-video-preview:-1"},"canonical":"https:\/\/www.een-istanbul.org\/en\/event\/eic-pre-accelerator-cagrisi-bilgi-gunu\/","og_locale":"en_US","og_type":"article","og_title":"EIC Pre-Accelerator \u00c7a\u011fr\u0131s\u0131 Bilgi G\u00fcn\u00fc - AIA - Avrupa \u0130\u015fletmeleri A\u011f\u0131","og_description":"Enterprise Europe Network, EEN2EIC, Sabanc\u0131 \u00dcniversitesi ve T\u00dcB\u0130TAK i\u015f birli\u011finde d\u00fczenledi\u011fimiz EIC Pre-Accelerator \u00c7a\u011fr\u0131s\u0131 Bilgi G\u00fcn\u00fc etkinli\u011fine davetlisiniz! \ud83d\udcc5 5 A\u011fustos 2025 | 13.00 \u2013 15.00 | Online Etkinlik Program\u0131: [&hellip;]","og_url":"https:\/\/www.een-istanbul.org\/en\/event\/eic-pre-accelerator-cagrisi-bilgi-gunu\/","og_site_name":"AIA - Avrupa \u0130\u015fletmeleri A\u011f\u0131","article_modified_time":"2025-07-25T07:16:55+00:00","og_image":[{"width":1280,"height":720,"url":"https:\/\/www.een-istanbul.org\/wp-content\/uploads\/2025\/07\/Pre-Accelerator-Banner.png","type":"image\/png"}],"twitter_card":"summary_large_image","twitter_misc":{"Est. reading time":"2 minutes"},"schema":{"@context":"https:\/\/schema.org","@graph":[{"@type":"WebPage","@id":"https:\/\/www.een-istanbul.org\/event\/eic-pre-accelerator-cagrisi-bilgi-gunu\/","url":"https:\/\/www.een-istanbul.org\/event\/eic-pre-accelerator-cagrisi-bilgi-gunu\/","name":"EIC Pre-Accelerator \u00c7a\u011fr\u0131s\u0131 Bilgi G\u00fcn\u00fc - AIA - Avrupa \u0130\u015fletmeleri A\u011f\u0131","isPartOf":{"@id":"https:\/\/www.een-istanbul.org\/#website"},"primaryImageOfPage":{"@id":"https:\/\/www.een-istanbul.org\/event\/eic-pre-accelerator-cagrisi-bilgi-gunu\/#primaryimage"},"image":{"@id":"https:\/\/www.een-istanbul.org\/event\/eic-pre-accelerator-cagrisi-bilgi-gunu\/#primaryimage"},"thumbnailUrl":"https:\/\/www.een-istanbul.org\/wp-content\/uploads\/2025\/07\/Pre-Accelerator-Banner.png","datePublished":"2025-07-24T07:46:51+00:00","dateModified":"2025-07-25T07:16:55+00:00","breadcrumb":{"@id":"https:\/\/www.een-istanbul.org\/event\/eic-pre-accelerator-cagrisi-bilgi-gunu\/#breadcrumb"},"inLanguage":"en-US","potentialAction":[{"@type":"ReadAction","target":["https:\/\/www.een-istanbul.org\/event\/eic-pre-accelerator-cagrisi-bilgi-gunu\/"]}]},{"@type":"ImageObject","inLanguage":"en-US","@id":"https:\/\/www.een-istanbul.org\/event\/eic-pre-accelerator-cagrisi-bilgi-gunu\/#primaryimage","url":"https:\/\/www.een-istanbul.org\/wp-content\/uploads\/2025\/07\/Pre-Accelerator-Banner.png","contentUrl":"https:\/\/www.een-istanbul.org\/wp-content\/uploads\/2025\/07\/Pre-Accelerator-Banner.png","width":1280,"height":720},{"@type":"BreadcrumbList","@id":"https:\/\/www.een-istanbul.org\/event\/eic-pre-accelerator-cagrisi-bilgi-gunu\/#breadcrumb","itemListElement":[{"@type":"ListItem","position":1,"name":"Home","item":"https:\/\/www.een-istanbul.org\/"},{"@type":"ListItem","position":2,"name":"Events","item":"https:\/\/www.een-istanbul.org\/etkinlikler\/"},{"@type":"ListItem","position":3,"name":"EIC Pre-Accelerator \u00c7a\u011fr\u0131s\u0131 Bilgi G\u00fcn\u00fc"}]},{"@type":"WebSite","@id":"https:\/\/www.een-istanbul.org\/#website","url":"https:\/\/www.een-istanbul.org\/","name":"AIA - Avrupa \u0130\u015fletmeleri A\u011f\u0131","description":"","publisher":{"@id":"https:\/\/www.een-istanbul.org\/#organization"},"potentialAction":[{"@type":"SearchAction","target":{"@type":"EntryPoint","urlTemplate":"https:\/\/www.een-istanbul.org\/?s={search_term_string}"},"query-input":{"@type":"PropertyValueSpecification","valueRequired":true,"valueName":"search_term_string"}}],"inLanguage":"en-US"},{"@type":"Organization","@id":"https:\/\/www.een-istanbul.org\/#organization","name":"AIA - Avrupa \u0130\u015fletmeleri A\u011f\u0131","url":"https:\/\/www.een-istanbul.org\/","logo":{"@type":"ImageObject","inLanguage":"en-US","@id":"https:\/\/www.een-istanbul.org\/#\/schema\/logo\/image\/","url":"https:\/\/www.een-istanbul.org\/wp-content\/uploads\/2024\/05\/EEN_logo_RGB_HORIZ_negative-header_0.png","contentUrl":"https:\/\/www.een-istanbul.org\/wp-content\/uploads\/2024\/05\/EEN_logo_RGB_HORIZ_negative-header_0.png","width":190,"height":72,"caption":"AIA - Avrupa \u0130\u015fletmeleri A\u011f\u0131"},"image":{"@id":"https:\/\/www.een-istanbul.org\/#\/schema\/logo\/image\/"}}]}},"acf":[],"_links":{"self":[{"href":"https:\/\/www.een-istanbul.org\/en\/wp-json\/wp\/v2\/tribe_events\/1511","targetHints":{"allow":["GET"]}}],"collection":[{"href":"https:\/\/www.een-istanbul.org\/en\/wp-json\/wp\/v2\/tribe_events"}],"about":[{"href":"https:\/\/www.een-istanbul.org\/en\/wp-json\/wp\/v2\/types\/tribe_events"}],"author":[{"embeddable":true,"href":"https:\/\/www.een-istanbul.org\/en\/wp-json\/wp\/v2\/users\/4"}],"replies":[{"embeddable":true,"href":"https:\/\/www.een-istanbul.org\/en\/wp-json\/wp\/v2\/comments?post=1511"}],"version-history":[{"count":2,"href":"https:\/\/www.een-istanbul.org\/en\/wp-json\/wp\/v2\/tribe_events\/1511\/revisions"}],"predecessor-version":[{"id":1514,"href":"https:\/\/www.een-istanbul.org\/en\/wp-json\/wp\/v2\/tribe_events\/1511\/revisions\/1514"}],"wp:featuredmedia":[{"embeddable":true,"href":"https:\/\/www.een-istanbul.org\/en\/wp-json\/wp\/v2\/media\/1512"}],"wp:attachment":[{"href":"https:\/\/www.een-istanbul.org\/en\/wp-json\/wp\/v2\/media?parent=1511"}],"wp:term":[{"taxonomy":"post_tag","embeddable":true,"href":"https:\/\/www.een-istanbul.org\/en\/wp-json\/wp\/v2\/tags?post=1511"},{"taxonomy":"tribe_events_cat","embeddable":true,"href":"https:\/\/www.een-istanbul.org\/en\/wp-json\/wp\/v2\/tribe_events_cat?post=1511"}],"curies":[{"name":"wp","href":"https:\/\/api.w.org\/{rel}","templated":true}]}}