{"id":1538,"date":"2025-09-19T16:30:56","date_gmt":"2025-09-19T13:30:56","guid":{"rendered":"https:\/\/www.een-istanbul.org\/?post_type=tribe_events&#038;p=1538"},"modified":"2025-09-19T16:30:56","modified_gmt":"2025-09-19T13:30:56","slug":"medica-2025-17-20-kasim-2025-tarihleri-arasinda-dusseldorf-almanyada-yapilacak","status":"publish","type":"tribe_events","link":"https:\/\/www.een-istanbul.org\/en\/event\/medica-2025-17-20-kasim-2025-tarihleri-arasinda-dusseldorf-almanyada-yapilacak\/","title":{"rendered":"MEDICA 2025 17-20 Kas\u0131m 2025 Tarihleri Aras\u0131nda D\u00fcsseldorf-Almanya&#8217;da Yap\u0131lacak"},"content":{"rendered":"<p style=\"font-weight: 400;\">Enterprise Europe Network (<strong>EEN<\/strong>) ad\u0131na <strong>ZENIT<\/strong> (NRW.Europa)\u00a0 taraf\u0131ndan organize edilen ve Sabanc\u0131 \u00dcniversitesi ile \u0130stanbul Sanayi Odas\u0131&#8217;n\u0131n\u00a0 &#8216;<em>co organizer<\/em>&#8216; oldu\u011fu <strong>MEDICA 2025<\/strong> uluslararas\u0131 ikili i\u015f g\u00f6r\u00fc\u015fmeleri etkinli\u011fi bu y\u0131l Kas\u0131m ay\u0131nda Almanya&#8217;n\u0131n <strong>D\u00fcsseldorf<\/strong> eyaletinde yap\u0131lacakt\u0131r.\u00a0\u00a0D\u00fcnyan\u0131n \u00f6nde gelen medikal teknoloji fuar\u0131 olan MEDICA 2025 kapsam\u0131nda yap\u0131land\u0131r\u0131lm\u0131\u015f g\u00f6r\u00fc\u015fmelere kat\u0131larak yeni i\u015f ortaklar\u0131 bulma, ara\u015ft\u0131rma i\u015f birliklerini ke\u015ffetme ve yenilik\u00e7i teknolojiler hakk\u0131nda bilgi edinme f\u0131rsat\u0131na eri\u015fim sa\u011flanabilecektir.<\/p>\n<p>&nbsp;<\/p>\n<p style=\"font-weight: 400;\"><strong>Kat\u0131l\u0131m\u0131n Avantajlar\u0131:<\/strong><\/p>\n<ul>\n<li style=\"font-weight: 400;\">Uluslararas\u0131 eri\u015fim: 40\u2019tan fazla \u00fclkeden start-up\u2019lardan k\u00f6kl\u00fc firmalara kadar geni\u015f bir kat\u0131l\u0131mc\u0131 yelpazesi,<\/li>\n<\/ul>\n<p>&nbsp;<\/p>\n<ul>\n<li style=\"font-weight: 400;\">Hedefli g\u00f6r\u00fc\u015fmeler: Profilinize uygun ortaklarla \u00f6nceden planlanm\u0131\u015f 30 dakikal\u0131k birebir toplant\u0131lar,<\/li>\n<\/ul>\n<p>&nbsp;<\/p>\n<ul>\n<li style=\"font-weight: 400;\">\u00a0 \u00a0 Esneklik: Bu y\u0131l merkezi bir matchmaking alan\u0131 yok \u2013 g\u00f6r\u00fc\u015fmelerinizi esnek bir \u015fekilde fuar alan\u0131ndaki sergi stantlar\u0131nda veya belirlenmi\u015f lounge alanlar\u0131nda organize edebilirsiniz,<\/li>\n<\/ul>\n<p>&nbsp;<\/p>\n<ul>\n<li style=\"font-weight: 400;\">\u00a0 \u00a0 Verimlilik:MEDICA\u2019dan bir hafta \u00f6nce b2match platformu \u00fczerinden sanal toplant\u0131lar planlayabilir, haz\u0131rl\u0131k yapabilir veya fuara gelemeyen kontaklarla g\u00f6r\u00fc\u015febilirsiniz,<\/li>\n<\/ul>\n<p>&nbsp;<\/p>\n<ul>\n<li style=\"font-weight: 400;\">\u00a0 \u00a0 G\u00f6r\u00fcn\u00fcrl\u00fck: \u015eirketinizi, \u00fcr\u00fcnlerinizi ve uzmanl\u0131\u011f\u0131n\u0131z\u0131 uluslararas\u0131 profesyonel bir kitleye tan\u0131tma imk\u00e2n\u0131.<\/li>\n<\/ul>\n<p style=\"font-weight: 400;\">\n<p style=\"font-weight: 400;\"><strong>Yer:\u00a0<\/strong><a href=\"https:\/\/maps.app.goo.gl\/jgRWHguEAWu9NYqFA\">MEDICA\u00a02025, D\u00fcsseldorf<\/a><\/p>\n<p style=\"font-weight: 400;\"><strong>Tarih:<\/strong> 17\u201320 Kas\u0131m 2025<\/p>\n<p style=\"font-weight: 400;\"><strong>Kay\u0131t ve detayl\u0131 bilgi i\u00e7in:\u00a0<\/strong><a href=\"https:\/\/www.b2match.com\/e\/medica-b2b-2025\/components\/58821\" data-saferedirecturl=\"https:\/\/www.google.com\/url?q=https:\/\/www.b2match.com\/e\/medica-b2b-2025\/components\/58821&amp;source=gmail&amp;ust=1758345597742000&amp;usg=AOvVaw1xxLfEafZp-vYu_ar0BftO\"><strong>MEDICA-2025<\/strong><\/a><\/p>\n<p style=\"font-weight: 400;\"><em><strong>Not:<\/strong> Sorular\u0131n\u0131z i\u00e7in bizimle ileti\u015fime ge\u00e7ebilirsiniz.<\/em><\/p>\n<p>&nbsp;<\/p>\n<p style=\"font-weight: 400;\"><img fetchpriority=\"high\" decoding=\"async\" class=\"alignnone  wp-image-1539\" src=\"https:\/\/www.een-istanbul.org\/wp-content\/uploads\/2025\/09\/thumbnail_Banner_MedicaHealthcareBrokerageEvent_b2match_720x250px-1.png\" alt=\"\" width=\"882\" height=\"307\" srcset=\"https:\/\/www.een-istanbul.org\/wp-content\/uploads\/2025\/09\/thumbnail_Banner_MedicaHealthcareBrokerageEvent_b2match_720x250px-1.png 1280w, https:\/\/www.een-istanbul.org\/wp-content\/uploads\/2025\/09\/thumbnail_Banner_MedicaHealthcareBrokerageEvent_b2match_720x250px-1-300x104.png 300w, https:\/\/www.een-istanbul.org\/wp-content\/uploads\/2025\/09\/thumbnail_Banner_MedicaHealthcareBrokerageEvent_b2match_720x250px-1-1024x356.png 1024w, https:\/\/www.een-istanbul.org\/wp-content\/uploads\/2025\/09\/thumbnail_Banner_MedicaHealthcareBrokerageEvent_b2match_720x250px-1-768x267.png 768w, https:\/\/www.een-istanbul.org\/wp-content\/uploads\/2025\/09\/thumbnail_Banner_MedicaHealthcareBrokerageEvent_b2match_720x250px-1-18x6.png 18w\" sizes=\"(max-width: 882px) 100vw, 882px\" \/><\/p>\n<p style=\"font-weight: 400;\">\n","protected":false},"excerpt":{"rendered":"<p>Enterprise Europe Network (EEN) ad\u0131na ZENIT (NRW.Europa)\u00a0 taraf\u0131ndan organize edilen ve Sabanc\u0131 \u00dcniversitesi ile \u0130stanbul Sanayi Odas\u0131&#8217;n\u0131n\u00a0 &#8216;co organizer&#8216; oldu\u011fu MEDICA 2025 uluslararas\u0131 ikili i\u015f g\u00f6r\u00fc\u015fmeleri etkinli\u011fi bu y\u0131l Kas\u0131m [&hellip;]<\/p>\n","protected":false},"author":4,"featured_media":0,"comment_status":"closed","ping_status":"closed","template":"","meta":{"_acf_changed":false,"_tribe_events_status":"","_tribe_events_status_reason":"","footnotes":""},"tags":[],"tribe_events_cat":[],"class_list":["post-1538","tribe_events","type-tribe_events","status-publish","hentry"],"yoast_head":"<!-- This site is optimized with the Yoast SEO plugin v24.6 - https:\/\/yoast.com\/wordpress\/plugins\/seo\/ -->\n<title>MEDICA 2025 17-20 Kas\u0131m 2025 Tarihleri Aras\u0131nda D\u00fcsseldorf-Almanya&#039;da Yap\u0131lacak - AIA - Avrupa \u0130\u015fletmeleri A\u011f\u0131<\/title>\n<meta name=\"robots\" content=\"index, follow, max-snippet:-1, max-image-preview:large, max-video-preview:-1\" \/>\n<link rel=\"canonical\" href=\"https:\/\/www.een-istanbul.org\/en\/event\/medica-2025-17-20-kasim-2025-tarihleri-arasinda-dusseldorf-almanyada-yapilacak\/\" \/>\n<meta property=\"og:locale\" content=\"en_US\" \/>\n<meta property=\"og:type\" content=\"article\" \/>\n<meta property=\"og:title\" content=\"MEDICA 2025 17-20 Kas\u0131m 2025 Tarihleri Aras\u0131nda D\u00fcsseldorf-Almanya&#039;da Yap\u0131lacak - AIA - Avrupa \u0130\u015fletmeleri A\u011f\u0131\" \/>\n<meta property=\"og:description\" content=\"Enterprise Europe Network (EEN) ad\u0131na ZENIT (NRW.Europa)\u00a0 taraf\u0131ndan organize edilen ve Sabanc\u0131 \u00dcniversitesi ile \u0130stanbul Sanayi Odas\u0131&#8217;n\u0131n\u00a0 &#8216;co organizer&#8216; oldu\u011fu MEDICA 2025 uluslararas\u0131 ikili i\u015f g\u00f6r\u00fc\u015fmeleri etkinli\u011fi bu y\u0131l Kas\u0131m [&hellip;]\" \/>\n<meta property=\"og:url\" content=\"https:\/\/www.een-istanbul.org\/en\/event\/medica-2025-17-20-kasim-2025-tarihleri-arasinda-dusseldorf-almanyada-yapilacak\/\" \/>\n<meta property=\"og:site_name\" content=\"AIA - Avrupa \u0130\u015fletmeleri A\u011f\u0131\" \/>\n<meta property=\"og:image\" content=\"https:\/\/www.een-istanbul.org\/wp-content\/uploads\/2025\/09\/thumbnail_Banner_MedicaHealthcareBrokerageEvent_b2match_720x250px-1.png\" \/>\n\t<meta property=\"og:image:width\" content=\"1280\" \/>\n\t<meta property=\"og:image:height\" content=\"445\" \/>\n\t<meta property=\"og:image:type\" content=\"image\/png\" \/>\n<meta name=\"twitter:card\" content=\"summary_large_image\" \/>\n<meta name=\"twitter:label1\" content=\"Est. reading time\" \/>\n\t<meta name=\"twitter:data1\" content=\"1 minute\" \/>\n<script type=\"application\/ld+json\" class=\"yoast-schema-graph\">{\"@context\":\"https:\/\/schema.org\",\"@graph\":[{\"@type\":\"WebPage\",\"@id\":\"https:\/\/www.een-istanbul.org\/event\/medica-2025-17-20-kasim-2025-tarihleri-arasinda-dusseldorf-almanyada-yapilacak\/\",\"url\":\"https:\/\/www.een-istanbul.org\/event\/medica-2025-17-20-kasim-2025-tarihleri-arasinda-dusseldorf-almanyada-yapilacak\/\",\"name\":\"MEDICA 2025 17-20 Kas\u0131m 2025 Tarihleri Aras\u0131nda D\u00fcsseldorf-Almanya'da Yap\u0131lacak - AIA - Avrupa \u0130\u015fletmeleri A\u011f\u0131\",\"isPartOf\":{\"@id\":\"https:\/\/www.een-istanbul.org\/#website\"},\"primaryImageOfPage\":{\"@id\":\"https:\/\/www.een-istanbul.org\/event\/medica-2025-17-20-kasim-2025-tarihleri-arasinda-dusseldorf-almanyada-yapilacak\/#primaryimage\"},\"image\":{\"@id\":\"https:\/\/www.een-istanbul.org\/event\/medica-2025-17-20-kasim-2025-tarihleri-arasinda-dusseldorf-almanyada-yapilacak\/#primaryimage\"},\"thumbnailUrl\":\"https:\/\/www.een-istanbul.org\/wp-content\/uploads\/2025\/09\/thumbnail_Banner_MedicaHealthcareBrokerageEvent_b2match_720x250px-1.png\",\"datePublished\":\"2025-09-19T13:30:56+00:00\",\"breadcrumb\":{\"@id\":\"https:\/\/www.een-istanbul.org\/event\/medica-2025-17-20-kasim-2025-tarihleri-arasinda-dusseldorf-almanyada-yapilacak\/#breadcrumb\"},\"inLanguage\":\"en-US\",\"potentialAction\":[{\"@type\":\"ReadAction\",\"target\":[\"https:\/\/www.een-istanbul.org\/event\/medica-2025-17-20-kasim-2025-tarihleri-arasinda-dusseldorf-almanyada-yapilacak\/\"]}]},{\"@type\":\"ImageObject\",\"inLanguage\":\"en-US\",\"@id\":\"https:\/\/www.een-istanbul.org\/event\/medica-2025-17-20-kasim-2025-tarihleri-arasinda-dusseldorf-almanyada-yapilacak\/#primaryimage\",\"url\":\"https:\/\/www.een-istanbul.org\/wp-content\/uploads\/2025\/09\/thumbnail_Banner_MedicaHealthcareBrokerageEvent_b2match_720x250px-1.png\",\"contentUrl\":\"https:\/\/www.een-istanbul.org\/wp-content\/uploads\/2025\/09\/thumbnail_Banner_MedicaHealthcareBrokerageEvent_b2match_720x250px-1.png\"},{\"@type\":\"BreadcrumbList\",\"@id\":\"https:\/\/www.een-istanbul.org\/event\/medica-2025-17-20-kasim-2025-tarihleri-arasinda-dusseldorf-almanyada-yapilacak\/#breadcrumb\",\"itemListElement\":[{\"@type\":\"ListItem\",\"position\":1,\"name\":\"Home\",\"item\":\"https:\/\/www.een-istanbul.org\/\"},{\"@type\":\"ListItem\",\"position\":2,\"name\":\"Events\",\"item\":\"https:\/\/www.een-istanbul.org\/etkinlikler\/\"},{\"@type\":\"ListItem\",\"position\":3,\"name\":\"MEDICA 2025 17-20 Kas\u0131m 2025 Tarihleri Aras\u0131nda D\u00fcsseldorf-Almanya&#8217;da Yap\u0131lacak\"}]},{\"@type\":\"WebSite\",\"@id\":\"https:\/\/www.een-istanbul.org\/#website\",\"url\":\"https:\/\/www.een-istanbul.org\/\",\"name\":\"AIA - Avrupa \u0130\u015fletmeleri A\u011f\u0131\",\"description\":\"\",\"publisher\":{\"@id\":\"https:\/\/www.een-istanbul.org\/#organization\"},\"potentialAction\":[{\"@type\":\"SearchAction\",\"target\":{\"@type\":\"EntryPoint\",\"urlTemplate\":\"https:\/\/www.een-istanbul.org\/?s={search_term_string}\"},\"query-input\":{\"@type\":\"PropertyValueSpecification\",\"valueRequired\":true,\"valueName\":\"search_term_string\"}}],\"inLanguage\":\"en-US\"},{\"@type\":\"Organization\",\"@id\":\"https:\/\/www.een-istanbul.org\/#organization\",\"name\":\"AIA - Avrupa \u0130\u015fletmeleri A\u011f\u0131\",\"url\":\"https:\/\/www.een-istanbul.org\/\",\"logo\":{\"@type\":\"ImageObject\",\"inLanguage\":\"en-US\",\"@id\":\"https:\/\/www.een-istanbul.org\/#\/schema\/logo\/image\/\",\"url\":\"https:\/\/www.een-istanbul.org\/wp-content\/uploads\/2024\/05\/EEN_logo_RGB_HORIZ_negative-header_0.png\",\"contentUrl\":\"https:\/\/www.een-istanbul.org\/wp-content\/uploads\/2024\/05\/EEN_logo_RGB_HORIZ_negative-header_0.png\",\"width\":190,\"height\":72,\"caption\":\"AIA - Avrupa \u0130\u015fletmeleri A\u011f\u0131\"},\"image\":{\"@id\":\"https:\/\/www.een-istanbul.org\/#\/schema\/logo\/image\/\"}}]}<\/script>\n<!-- \/ Yoast SEO plugin. -->","yoast_head_json":{"title":"MEDICA 2025 17-20 Kas\u0131m 2025 Tarihleri Aras\u0131nda D\u00fcsseldorf-Almanya'da Yap\u0131lacak - AIA - Avrupa \u0130\u015fletmeleri A\u011f\u0131","robots":{"index":"index","follow":"follow","max-snippet":"max-snippet:-1","max-image-preview":"max-image-preview:large","max-video-preview":"max-video-preview:-1"},"canonical":"https:\/\/www.een-istanbul.org\/en\/event\/medica-2025-17-20-kasim-2025-tarihleri-arasinda-dusseldorf-almanyada-yapilacak\/","og_locale":"en_US","og_type":"article","og_title":"MEDICA 2025 17-20 Kas\u0131m 2025 Tarihleri Aras\u0131nda D\u00fcsseldorf-Almanya'da Yap\u0131lacak - AIA - Avrupa \u0130\u015fletmeleri A\u011f\u0131","og_description":"Enterprise Europe Network (EEN) ad\u0131na ZENIT (NRW.Europa)\u00a0 taraf\u0131ndan organize edilen ve Sabanc\u0131 \u00dcniversitesi ile \u0130stanbul Sanayi Odas\u0131&#8217;n\u0131n\u00a0 &#8216;co organizer&#8216; oldu\u011fu MEDICA 2025 uluslararas\u0131 ikili i\u015f g\u00f6r\u00fc\u015fmeleri etkinli\u011fi bu y\u0131l Kas\u0131m [&hellip;]","og_url":"https:\/\/www.een-istanbul.org\/en\/event\/medica-2025-17-20-kasim-2025-tarihleri-arasinda-dusseldorf-almanyada-yapilacak\/","og_site_name":"AIA - Avrupa \u0130\u015fletmeleri A\u011f\u0131","og_image":[{"width":1280,"height":445,"url":"https:\/\/www.een-istanbul.org\/wp-content\/uploads\/2025\/09\/thumbnail_Banner_MedicaHealthcareBrokerageEvent_b2match_720x250px-1.png","type":"image\/png"}],"twitter_card":"summary_large_image","twitter_misc":{"Est. reading time":"1 minute"},"schema":{"@context":"https:\/\/schema.org","@graph":[{"@type":"WebPage","@id":"https:\/\/www.een-istanbul.org\/event\/medica-2025-17-20-kasim-2025-tarihleri-arasinda-dusseldorf-almanyada-yapilacak\/","url":"https:\/\/www.een-istanbul.org\/event\/medica-2025-17-20-kasim-2025-tarihleri-arasinda-dusseldorf-almanyada-yapilacak\/","name":"MEDICA 2025 17-20 Kas\u0131m 2025 Tarihleri Aras\u0131nda D\u00fcsseldorf-Almanya'da Yap\u0131lacak - AIA - Avrupa \u0130\u015fletmeleri A\u011f\u0131","isPartOf":{"@id":"https:\/\/www.een-istanbul.org\/#website"},"primaryImageOfPage":{"@id":"https:\/\/www.een-istanbul.org\/event\/medica-2025-17-20-kasim-2025-tarihleri-arasinda-dusseldorf-almanyada-yapilacak\/#primaryimage"},"image":{"@id":"https:\/\/www.een-istanbul.org\/event\/medica-2025-17-20-kasim-2025-tarihleri-arasinda-dusseldorf-almanyada-yapilacak\/#primaryimage"},"thumbnailUrl":"https:\/\/www.een-istanbul.org\/wp-content\/uploads\/2025\/09\/thumbnail_Banner_MedicaHealthcareBrokerageEvent_b2match_720x250px-1.png","datePublished":"2025-09-19T13:30:56+00:00","breadcrumb":{"@id":"https:\/\/www.een-istanbul.org\/event\/medica-2025-17-20-kasim-2025-tarihleri-arasinda-dusseldorf-almanyada-yapilacak\/#breadcrumb"},"inLanguage":"en-US","potentialAction":[{"@type":"ReadAction","target":["https:\/\/www.een-istanbul.org\/event\/medica-2025-17-20-kasim-2025-tarihleri-arasinda-dusseldorf-almanyada-yapilacak\/"]}]},{"@type":"ImageObject","inLanguage":"en-US","@id":"https:\/\/www.een-istanbul.org\/event\/medica-2025-17-20-kasim-2025-tarihleri-arasinda-dusseldorf-almanyada-yapilacak\/#primaryimage","url":"https:\/\/www.een-istanbul.org\/wp-content\/uploads\/2025\/09\/thumbnail_Banner_MedicaHealthcareBrokerageEvent_b2match_720x250px-1.png","contentUrl":"https:\/\/www.een-istanbul.org\/wp-content\/uploads\/2025\/09\/thumbnail_Banner_MedicaHealthcareBrokerageEvent_b2match_720x250px-1.png"},{"@type":"BreadcrumbList","@id":"https:\/\/www.een-istanbul.org\/event\/medica-2025-17-20-kasim-2025-tarihleri-arasinda-dusseldorf-almanyada-yapilacak\/#breadcrumb","itemListElement":[{"@type":"ListItem","position":1,"name":"Home","item":"https:\/\/www.een-istanbul.org\/"},{"@type":"ListItem","position":2,"name":"Events","item":"https:\/\/www.een-istanbul.org\/etkinlikler\/"},{"@type":"ListItem","position":3,"name":"MEDICA 2025 17-20 Kas\u0131m 2025 Tarihleri Aras\u0131nda D\u00fcsseldorf-Almanya&#8217;da Yap\u0131lacak"}]},{"@type":"WebSite","@id":"https:\/\/www.een-istanbul.org\/#website","url":"https:\/\/www.een-istanbul.org\/","name":"AIA - Avrupa \u0130\u015fletmeleri A\u011f\u0131","description":"","publisher":{"@id":"https:\/\/www.een-istanbul.org\/#organization"},"potentialAction":[{"@type":"SearchAction","target":{"@type":"EntryPoint","urlTemplate":"https:\/\/www.een-istanbul.org\/?s={search_term_string}"},"query-input":{"@type":"PropertyValueSpecification","valueRequired":true,"valueName":"search_term_string"}}],"inLanguage":"en-US"},{"@type":"Organization","@id":"https:\/\/www.een-istanbul.org\/#organization","name":"AIA - Avrupa \u0130\u015fletmeleri A\u011f\u0131","url":"https:\/\/www.een-istanbul.org\/","logo":{"@type":"ImageObject","inLanguage":"en-US","@id":"https:\/\/www.een-istanbul.org\/#\/schema\/logo\/image\/","url":"https:\/\/www.een-istanbul.org\/wp-content\/uploads\/2024\/05\/EEN_logo_RGB_HORIZ_negative-header_0.png","contentUrl":"https:\/\/www.een-istanbul.org\/wp-content\/uploads\/2024\/05\/EEN_logo_RGB_HORIZ_negative-header_0.png","width":190,"height":72,"caption":"AIA - Avrupa \u0130\u015fletmeleri A\u011f\u0131"},"image":{"@id":"https:\/\/www.een-istanbul.org\/#\/schema\/logo\/image\/"}}]}},"acf":[],"_links":{"self":[{"href":"https:\/\/www.een-istanbul.org\/en\/wp-json\/wp\/v2\/tribe_events\/1538","targetHints":{"allow":["GET"]}}],"collection":[{"href":"https:\/\/www.een-istanbul.org\/en\/wp-json\/wp\/v2\/tribe_events"}],"about":[{"href":"https:\/\/www.een-istanbul.org\/en\/wp-json\/wp\/v2\/types\/tribe_events"}],"author":[{"embeddable":true,"href":"https:\/\/www.een-istanbul.org\/en\/wp-json\/wp\/v2\/users\/4"}],"replies":[{"embeddable":true,"href":"https:\/\/www.een-istanbul.org\/en\/wp-json\/wp\/v2\/comments?post=1538"}],"version-history":[{"count":5,"href":"https:\/\/www.een-istanbul.org\/en\/wp-json\/wp\/v2\/tribe_events\/1538\/revisions"}],"predecessor-version":[{"id":1545,"href":"https:\/\/www.een-istanbul.org\/en\/wp-json\/wp\/v2\/tribe_events\/1538\/revisions\/1545"}],"wp:attachment":[{"href":"https:\/\/www.een-istanbul.org\/en\/wp-json\/wp\/v2\/media?parent=1538"}],"wp:term":[{"taxonomy":"post_tag","embeddable":true,"href":"https:\/\/www.een-istanbul.org\/en\/wp-json\/wp\/v2\/tags?post=1538"},{"taxonomy":"tribe_events_cat","embeddable":true,"href":"https:\/\/www.een-istanbul.org\/en\/wp-json\/wp\/v2\/tribe_events_cat?post=1538"}],"curies":[{"name":"wp","href":"https:\/\/api.w.org\/{rel}","templated":true}]}}