{"id":1574,"date":"2025-11-21T11:13:32","date_gmt":"2025-11-21T08:13:32","guid":{"rendered":"https:\/\/www.een-istanbul.org\/?post_type=tribe_events&#038;p=1574"},"modified":"2025-11-21T11:56:27","modified_gmt":"2025-11-21T08:56:27","slug":"13-successful-r-i-in-europe-2026-konferansi","status":"publish","type":"tribe_events","link":"https:\/\/www.een-istanbul.org\/en\/event\/13-successful-r-i-in-europe-2026-konferansi\/","title":{"rendered":"13. Successful R&#038;I in Europe 2026 Konferans\u0131 : Ufuk Avrupa Projeleri Oda\u011f\u0131nda Uluslararas\u0131 A\u011f Olu\u015fturma Etkinli\u011fi"},"content":{"rendered":"<p>Almanya Kuzey Ren-Vestfalya \u0130novasyon Ajans\u0131 <strong>ZENIT<\/strong> ve <strong>Avrupa \u0130\u015fletmeler A\u011f\u0131 (EEN)<\/strong> taraf\u0131ndan d\u00fczenlenen Successful R&amp;I in Europe 2026 Konferans\u0131 ve a\u011f olu\u015fturma etkinli\u011fi 19-20 \u015eubat 2026 tarihlerinde D\u00fcsseldorf&#8217;ta ger\u00e7ekle\u015ftirilecektir.<\/p>\n<p>Etkinlik, <strong>Ufuk Avrupa program\u0131<\/strong> \u00e7a\u011fr\u0131lar\u0131na odaklanmakta olup, Avrupa genelinden ara\u015ft\u0131rmac\u0131lar, kamu &amp; \u00f6zel sekt\u00f6r temsilcileri ve giri\u015fimcilere <strong>yeni proje ortaklar\u0131yla tan\u0131\u015fma<\/strong> ve <strong>ara\u015ft\u0131rma i\u015f birlikleri geli\u015ftirme<\/strong> f\u0131rsat\u0131 sunmaktad\u0131r.<\/p>\n<p>\u00dcniversiteler, ara\u015ft\u0131rma merkezleri ve \u00f6zel sekt\u00f6rden \u00f6zellikle KOB\u0130&#8217;lerin kat\u0131l\u0131m\u0131na a\u00e7\u0131k olan etkinlikte, a\u015fa\u011f\u0131daki sekiz tematik alanda e\u015f zamanl\u0131 oturumlar ger\u00e7ekle\u015ftirilecektir:<\/p>\n<ol>\n<li>K\u00fcme 1: Sa\u011fl\u0131k<\/li>\n<li>K\u00fcme 2: Yarat\u0131c\u0131 End\u00fcstriler<\/li>\n<li>K\u00fcme 3: Toplum i\u00e7in Sivil G\u00fcvenlik<\/li>\n<li>K\u00fcme 4: Dijital Teknolojiler<\/li>\n<li>K\u00fcme 4: End\u00fcstriyel Teknolojiler<\/li>\n<li>K\u00fcme 5: Enerji<\/li>\n<li>K\u00fcme 5: Hareketlilik<\/li>\n<li>K\u00fcme 6: G\u0131da, Biyoekonomi, Do\u011fal Kaynaklar, Tar\u0131m ve \u00c7evre<\/li>\n<\/ol>\n<p>Kat\u0131l\u0131mc\u0131lar oturumlar s\u0131ras\u0131nda proje fikirlerini sunabilecek ve yeni ortaklar bulma imk\u00e2n\u0131 yakalayacakt\u0131r. Etkinli\u011fe <strong>20&#8217;den fazla \u00fclkeden yakla\u015f\u0131k 300 kat\u0131l\u0131mc\u0131n\u0131n<\/strong> kat\u0131lmas\u0131, ayr\u0131ca <strong>yakla\u015f\u0131k 100 proje sunumunun<\/strong> ger\u00e7ekle\u015ftirilmesi beklenmektedir.<\/p>\n<p>Ortakl\u0131k aray\u0131\u015f\u0131 sunumlar\u0131 i\u00e7in son g\u00f6nderim tarihi <strong>4 Ocak 2026<\/strong>&#8216;ya kadard\u0131r.<\/p>\n<p>\ud83c\udf9f\ufe0f <strong>Kat\u0131l\u0131m \u00dccreti:<\/strong><\/p>\n<ul>\n<li>\u0130ki g\u00fcn: 150 \u20ac<\/li>\n<li>Tek g\u00fcn: 120 \u20ac<\/li>\n<\/ul>\n<p>Ufuk Avrupa projelerine y\u00f6nelik ortakl\u0131k aray\u0131\u015f\u0131 sunumu yapacak konu\u015fmac\u0131lar i\u00e7in <strong>\u00fccretsizdir.<\/strong><\/p>\n<p>Etkinlik platformuna son kay\u0131t tarihi <strong>6 \u015eubat 2026<\/strong>&#8216;d\u0131r.<\/p>\n<p>Etkinlik detaylar\u0131 ve kay\u0131t i\u00e7in: <a class=\"UXRxrWnQhIYOdGGMtoPtXVRoovJFKlwCM \" tabindex=\"0\" href=\"https:\/\/lnkd.in\/dTCQHswT\" target=\"_self\" data-test-app-aware-link=\"\">https:\/\/lnkd.in\/dTCQHswT<\/a><\/p>\n","protected":false},"excerpt":{"rendered":"<p>Almanya Kuzey Ren-Vestfalya \u0130novasyon Ajans\u0131 ZENIT ve Avrupa \u0130\u015fletmeler A\u011f\u0131 (EEN) taraf\u0131ndan d\u00fczenlenen Successful R&amp;I in Europe 2026 Konferans\u0131 ve a\u011f olu\u015fturma etkinli\u011fi 19-20 \u015eubat 2026 tarihlerinde D\u00fcsseldorf&#8217;ta ger\u00e7ekle\u015ftirilecektir. Etkinlik, [&hellip;]<\/p>\n","protected":false},"author":4,"featured_media":1570,"comment_status":"closed","ping_status":"closed","template":"","meta":{"_acf_changed":false,"_tribe_events_status":"","_tribe_events_status_reason":"","footnotes":""},"tags":[],"tribe_events_cat":[],"class_list":["post-1574","tribe_events","type-tribe_events","status-publish","has-post-thumbnail","hentry"],"yoast_head":"<!-- This site is optimized with the Yoast SEO plugin v24.6 - https:\/\/yoast.com\/wordpress\/plugins\/seo\/ -->\n<title>13. Successful R&amp;I in Europe 2026 Konferans\u0131 : Ufuk Avrupa Projeleri Oda\u011f\u0131nda Uluslararas\u0131 A\u011f Olu\u015fturma Etkinli\u011fi - AIA - Avrupa \u0130\u015fletmeleri A\u011f\u0131<\/title>\n<meta name=\"robots\" content=\"index, follow, max-snippet:-1, max-image-preview:large, max-video-preview:-1\" \/>\n<link rel=\"canonical\" href=\"https:\/\/www.een-istanbul.org\/en\/event\/13-successful-r-i-in-europe-2026-konferansi\/\" \/>\n<meta property=\"og:locale\" content=\"en_US\" \/>\n<meta property=\"og:type\" content=\"article\" \/>\n<meta property=\"og:title\" content=\"13. Successful R&amp;I in Europe 2026 Konferans\u0131 : Ufuk Avrupa Projeleri Oda\u011f\u0131nda Uluslararas\u0131 A\u011f Olu\u015fturma Etkinli\u011fi - AIA - Avrupa \u0130\u015fletmeleri A\u011f\u0131\" \/>\n<meta property=\"og:description\" content=\"Almanya Kuzey Ren-Vestfalya \u0130novasyon Ajans\u0131 ZENIT ve Avrupa \u0130\u015fletmeler A\u011f\u0131 (EEN) taraf\u0131ndan d\u00fczenlenen Successful R&amp;I in Europe 2026 Konferans\u0131 ve a\u011f olu\u015fturma etkinli\u011fi 19-20 \u015eubat 2026 tarihlerinde D\u00fcsseldorf&#8217;ta ger\u00e7ekle\u015ftirilecektir. Etkinlik, [&hellip;]\" \/>\n<meta property=\"og:url\" content=\"https:\/\/www.een-istanbul.org\/en\/event\/13-successful-r-i-in-europe-2026-konferansi\/\" \/>\n<meta property=\"og:site_name\" content=\"AIA - Avrupa \u0130\u015fletmeleri A\u011f\u0131\" \/>\n<meta property=\"article:modified_time\" content=\"2025-11-21T08:56:27+00:00\" \/>\n<meta property=\"og:image\" content=\"https:\/\/www.een-istanbul.org\/wp-content\/uploads\/2025\/11\/Adsiz.png\" \/>\n\t<meta property=\"og:image:width\" content=\"596\" \/>\n\t<meta property=\"og:image:height\" content=\"574\" \/>\n\t<meta property=\"og:image:type\" content=\"image\/png\" \/>\n<meta name=\"twitter:card\" content=\"summary_large_image\" \/>\n<meta name=\"twitter:label1\" content=\"Est. reading time\" \/>\n\t<meta name=\"twitter:data1\" content=\"2 minutes\" \/>\n<script type=\"application\/ld+json\" class=\"yoast-schema-graph\">{\"@context\":\"https:\/\/schema.org\",\"@graph\":[{\"@type\":\"WebPage\",\"@id\":\"https:\/\/www.een-istanbul.org\/event\/13-successful-r-i-in-europe-2026-konferansi\/\",\"url\":\"https:\/\/www.een-istanbul.org\/event\/13-successful-r-i-in-europe-2026-konferansi\/\",\"name\":\"13. Successful R&I in Europe 2026 Konferans\u0131 : Ufuk Avrupa Projeleri Oda\u011f\u0131nda Uluslararas\u0131 A\u011f Olu\u015fturma Etkinli\u011fi - AIA - Avrupa \u0130\u015fletmeleri A\u011f\u0131\",\"isPartOf\":{\"@id\":\"https:\/\/www.een-istanbul.org\/#website\"},\"primaryImageOfPage\":{\"@id\":\"https:\/\/www.een-istanbul.org\/event\/13-successful-r-i-in-europe-2026-konferansi\/#primaryimage\"},\"image\":{\"@id\":\"https:\/\/www.een-istanbul.org\/event\/13-successful-r-i-in-europe-2026-konferansi\/#primaryimage\"},\"thumbnailUrl\":\"https:\/\/www.een-istanbul.org\/wp-content\/uploads\/2025\/11\/Adsiz.png\",\"datePublished\":\"2025-11-21T08:13:32+00:00\",\"dateModified\":\"2025-11-21T08:56:27+00:00\",\"breadcrumb\":{\"@id\":\"https:\/\/www.een-istanbul.org\/event\/13-successful-r-i-in-europe-2026-konferansi\/#breadcrumb\"},\"inLanguage\":\"en-US\",\"potentialAction\":[{\"@type\":\"ReadAction\",\"target\":[\"https:\/\/www.een-istanbul.org\/event\/13-successful-r-i-in-europe-2026-konferansi\/\"]}]},{\"@type\":\"ImageObject\",\"inLanguage\":\"en-US\",\"@id\":\"https:\/\/www.een-istanbul.org\/event\/13-successful-r-i-in-europe-2026-konferansi\/#primaryimage\",\"url\":\"https:\/\/www.een-istanbul.org\/wp-content\/uploads\/2025\/11\/Adsiz.png\",\"contentUrl\":\"https:\/\/www.een-istanbul.org\/wp-content\/uploads\/2025\/11\/Adsiz.png\",\"width\":596,\"height\":574},{\"@type\":\"BreadcrumbList\",\"@id\":\"https:\/\/www.een-istanbul.org\/event\/13-successful-r-i-in-europe-2026-konferansi\/#breadcrumb\",\"itemListElement\":[{\"@type\":\"ListItem\",\"position\":1,\"name\":\"Home\",\"item\":\"https:\/\/www.een-istanbul.org\/\"},{\"@type\":\"ListItem\",\"position\":2,\"name\":\"Events\",\"item\":\"https:\/\/www.een-istanbul.org\/etkinlikler\/\"},{\"@type\":\"ListItem\",\"position\":3,\"name\":\"13. Successful R&#038;I in Europe 2026 Konferans\u0131 : Ufuk Avrupa Projeleri Oda\u011f\u0131nda Uluslararas\u0131 A\u011f Olu\u015fturma Etkinli\u011fi\"}]},{\"@type\":\"WebSite\",\"@id\":\"https:\/\/www.een-istanbul.org\/#website\",\"url\":\"https:\/\/www.een-istanbul.org\/\",\"name\":\"AIA - Avrupa \u0130\u015fletmeleri A\u011f\u0131\",\"description\":\"\",\"publisher\":{\"@id\":\"https:\/\/www.een-istanbul.org\/#organization\"},\"potentialAction\":[{\"@type\":\"SearchAction\",\"target\":{\"@type\":\"EntryPoint\",\"urlTemplate\":\"https:\/\/www.een-istanbul.org\/?s={search_term_string}\"},\"query-input\":{\"@type\":\"PropertyValueSpecification\",\"valueRequired\":true,\"valueName\":\"search_term_string\"}}],\"inLanguage\":\"en-US\"},{\"@type\":\"Organization\",\"@id\":\"https:\/\/www.een-istanbul.org\/#organization\",\"name\":\"AIA - Avrupa \u0130\u015fletmeleri A\u011f\u0131\",\"url\":\"https:\/\/www.een-istanbul.org\/\",\"logo\":{\"@type\":\"ImageObject\",\"inLanguage\":\"en-US\",\"@id\":\"https:\/\/www.een-istanbul.org\/#\/schema\/logo\/image\/\",\"url\":\"https:\/\/www.een-istanbul.org\/wp-content\/uploads\/2024\/05\/EEN_logo_RGB_HORIZ_negative-header_0.png\",\"contentUrl\":\"https:\/\/www.een-istanbul.org\/wp-content\/uploads\/2024\/05\/EEN_logo_RGB_HORIZ_negative-header_0.png\",\"width\":190,\"height\":72,\"caption\":\"AIA - Avrupa \u0130\u015fletmeleri A\u011f\u0131\"},\"image\":{\"@id\":\"https:\/\/www.een-istanbul.org\/#\/schema\/logo\/image\/\"}}]}<\/script>\n<!-- \/ Yoast SEO plugin. -->","yoast_head_json":{"title":"13. Successful R&I in Europe 2026 Konferans\u0131 : Ufuk Avrupa Projeleri Oda\u011f\u0131nda Uluslararas\u0131 A\u011f Olu\u015fturma Etkinli\u011fi - AIA - Avrupa \u0130\u015fletmeleri A\u011f\u0131","robots":{"index":"index","follow":"follow","max-snippet":"max-snippet:-1","max-image-preview":"max-image-preview:large","max-video-preview":"max-video-preview:-1"},"canonical":"https:\/\/www.een-istanbul.org\/en\/event\/13-successful-r-i-in-europe-2026-konferansi\/","og_locale":"en_US","og_type":"article","og_title":"13. Successful R&I in Europe 2026 Konferans\u0131 : Ufuk Avrupa Projeleri Oda\u011f\u0131nda Uluslararas\u0131 A\u011f Olu\u015fturma Etkinli\u011fi - AIA - Avrupa \u0130\u015fletmeleri A\u011f\u0131","og_description":"Almanya Kuzey Ren-Vestfalya \u0130novasyon Ajans\u0131 ZENIT ve Avrupa \u0130\u015fletmeler A\u011f\u0131 (EEN) taraf\u0131ndan d\u00fczenlenen Successful R&amp;I in Europe 2026 Konferans\u0131 ve a\u011f olu\u015fturma etkinli\u011fi 19-20 \u015eubat 2026 tarihlerinde D\u00fcsseldorf&#8217;ta ger\u00e7ekle\u015ftirilecektir. Etkinlik, [&hellip;]","og_url":"https:\/\/www.een-istanbul.org\/en\/event\/13-successful-r-i-in-europe-2026-konferansi\/","og_site_name":"AIA - Avrupa \u0130\u015fletmeleri A\u011f\u0131","article_modified_time":"2025-11-21T08:56:27+00:00","og_image":[{"width":596,"height":574,"url":"https:\/\/www.een-istanbul.org\/wp-content\/uploads\/2025\/11\/Adsiz.png","type":"image\/png"}],"twitter_card":"summary_large_image","twitter_misc":{"Est. reading time":"2 minutes"},"schema":{"@context":"https:\/\/schema.org","@graph":[{"@type":"WebPage","@id":"https:\/\/www.een-istanbul.org\/event\/13-successful-r-i-in-europe-2026-konferansi\/","url":"https:\/\/www.een-istanbul.org\/event\/13-successful-r-i-in-europe-2026-konferansi\/","name":"13. Successful R&I in Europe 2026 Konferans\u0131 : Ufuk Avrupa Projeleri Oda\u011f\u0131nda Uluslararas\u0131 A\u011f Olu\u015fturma Etkinli\u011fi - AIA - Avrupa \u0130\u015fletmeleri A\u011f\u0131","isPartOf":{"@id":"https:\/\/www.een-istanbul.org\/#website"},"primaryImageOfPage":{"@id":"https:\/\/www.een-istanbul.org\/event\/13-successful-r-i-in-europe-2026-konferansi\/#primaryimage"},"image":{"@id":"https:\/\/www.een-istanbul.org\/event\/13-successful-r-i-in-europe-2026-konferansi\/#primaryimage"},"thumbnailUrl":"https:\/\/www.een-istanbul.org\/wp-content\/uploads\/2025\/11\/Adsiz.png","datePublished":"2025-11-21T08:13:32+00:00","dateModified":"2025-11-21T08:56:27+00:00","breadcrumb":{"@id":"https:\/\/www.een-istanbul.org\/event\/13-successful-r-i-in-europe-2026-konferansi\/#breadcrumb"},"inLanguage":"en-US","potentialAction":[{"@type":"ReadAction","target":["https:\/\/www.een-istanbul.org\/event\/13-successful-r-i-in-europe-2026-konferansi\/"]}]},{"@type":"ImageObject","inLanguage":"en-US","@id":"https:\/\/www.een-istanbul.org\/event\/13-successful-r-i-in-europe-2026-konferansi\/#primaryimage","url":"https:\/\/www.een-istanbul.org\/wp-content\/uploads\/2025\/11\/Adsiz.png","contentUrl":"https:\/\/www.een-istanbul.org\/wp-content\/uploads\/2025\/11\/Adsiz.png","width":596,"height":574},{"@type":"BreadcrumbList","@id":"https:\/\/www.een-istanbul.org\/event\/13-successful-r-i-in-europe-2026-konferansi\/#breadcrumb","itemListElement":[{"@type":"ListItem","position":1,"name":"Home","item":"https:\/\/www.een-istanbul.org\/"},{"@type":"ListItem","position":2,"name":"Events","item":"https:\/\/www.een-istanbul.org\/etkinlikler\/"},{"@type":"ListItem","position":3,"name":"13. Successful R&#038;I in Europe 2026 Konferans\u0131 : Ufuk Avrupa Projeleri Oda\u011f\u0131nda Uluslararas\u0131 A\u011f Olu\u015fturma Etkinli\u011fi"}]},{"@type":"WebSite","@id":"https:\/\/www.een-istanbul.org\/#website","url":"https:\/\/www.een-istanbul.org\/","name":"AIA - Avrupa \u0130\u015fletmeleri A\u011f\u0131","description":"","publisher":{"@id":"https:\/\/www.een-istanbul.org\/#organization"},"potentialAction":[{"@type":"SearchAction","target":{"@type":"EntryPoint","urlTemplate":"https:\/\/www.een-istanbul.org\/?s={search_term_string}"},"query-input":{"@type":"PropertyValueSpecification","valueRequired":true,"valueName":"search_term_string"}}],"inLanguage":"en-US"},{"@type":"Organization","@id":"https:\/\/www.een-istanbul.org\/#organization","name":"AIA - Avrupa \u0130\u015fletmeleri A\u011f\u0131","url":"https:\/\/www.een-istanbul.org\/","logo":{"@type":"ImageObject","inLanguage":"en-US","@id":"https:\/\/www.een-istanbul.org\/#\/schema\/logo\/image\/","url":"https:\/\/www.een-istanbul.org\/wp-content\/uploads\/2024\/05\/EEN_logo_RGB_HORIZ_negative-header_0.png","contentUrl":"https:\/\/www.een-istanbul.org\/wp-content\/uploads\/2024\/05\/EEN_logo_RGB_HORIZ_negative-header_0.png","width":190,"height":72,"caption":"AIA - Avrupa \u0130\u015fletmeleri A\u011f\u0131"},"image":{"@id":"https:\/\/www.een-istanbul.org\/#\/schema\/logo\/image\/"}}]}},"acf":[],"_links":{"self":[{"href":"https:\/\/www.een-istanbul.org\/en\/wp-json\/wp\/v2\/tribe_events\/1574","targetHints":{"allow":["GET"]}}],"collection":[{"href":"https:\/\/www.een-istanbul.org\/en\/wp-json\/wp\/v2\/tribe_events"}],"about":[{"href":"https:\/\/www.een-istanbul.org\/en\/wp-json\/wp\/v2\/types\/tribe_events"}],"author":[{"embeddable":true,"href":"https:\/\/www.een-istanbul.org\/en\/wp-json\/wp\/v2\/users\/4"}],"replies":[{"embeddable":true,"href":"https:\/\/www.een-istanbul.org\/en\/wp-json\/wp\/v2\/comments?post=1574"}],"version-history":[{"count":6,"href":"https:\/\/www.een-istanbul.org\/en\/wp-json\/wp\/v2\/tribe_events\/1574\/revisions"}],"predecessor-version":[{"id":1580,"href":"https:\/\/www.een-istanbul.org\/en\/wp-json\/wp\/v2\/tribe_events\/1574\/revisions\/1580"}],"wp:featuredmedia":[{"embeddable":true,"href":"https:\/\/www.een-istanbul.org\/en\/wp-json\/wp\/v2\/media\/1570"}],"wp:attachment":[{"href":"https:\/\/www.een-istanbul.org\/en\/wp-json\/wp\/v2\/media?parent=1574"}],"wp:term":[{"taxonomy":"post_tag","embeddable":true,"href":"https:\/\/www.een-istanbul.org\/en\/wp-json\/wp\/v2\/tags?post=1574"},{"taxonomy":"tribe_events_cat","embeddable":true,"href":"https:\/\/www.een-istanbul.org\/en\/wp-json\/wp\/v2\/tribe_events_cat?post=1574"}],"curies":[{"name":"wp","href":"https:\/\/api.w.org\/{rel}","templated":true}]}}