{"id":1586,"date":"2025-11-24T16:17:45","date_gmt":"2025-11-24T13:17:45","guid":{"rendered":"https:\/\/www.een-istanbul.org\/?post_type=tribe_events&#038;p=1586"},"modified":"2025-11-24T16:17:45","modified_gmt":"2025-11-24T13:17:45","slug":"horizon-europe-cl5-2026-cagrilari-icin-greenet-ikili-gorusme-etkinligi","status":"publish","type":"tribe_events","link":"https:\/\/www.een-istanbul.org\/en\/event\/horizon-europe-cl5-2026-cagrilari-icin-greenet-ikili-gorusme-etkinligi\/","title":{"rendered":"Horizon Europe CL5 2026 \u00c7a\u011fr\u0131lar\u0131 i\u00e7in GREENET \u0130kili G\u00f6r\u00fc\u015fme Etkinli\u011fi"},"content":{"rendered":"<p data-start=\"2748\" data-end=\"3077\">Horizon Europe Cluster 5 Ulusal \u0130rtibat Noktalar\u0131 (NCP) a\u011f\u0131 taraf\u0131ndan, <a href=\"https:\/\/een.ec.europa.eu\/\">Enterprise Europe Network<\/a> deste\u011fiyle d\u00fczenlenen bu online e\u015fle\u015ftirme ve a\u011f kurma etkinli\u011fi; \u201c\u0130klim, Enerji ve Hareketlilik\u201d ba\u015fl\u0131kl\u0131 HE Cluster 5\u2019\u00fcn 2026 \u00c7a\u011fr\u0131 Program\u0131\u2019na ba\u015fvurmay\u0131 planlayan payda\u015flara y\u00f6neliktir.<\/p>\n<p data-start=\"2587\" data-end=\"2746\">\ud83d\uddd3 14 Ocak 2026 | Sanal etkinlik<br data-start=\"2698\" data-end=\"2701\" \/>\ud83d\udccd \u00c7evrim i\u00e7i<\/p>\n<p data-start=\"3951\" data-end=\"3982\"><strong data-start=\"3951\" data-end=\"3980\">Etkinlik format\u0131 &amp; takvim<\/strong><\/p>\n<ul>\n<li data-start=\"3985\" data-end=\"4029\">12:00-14:00 GMT+3: Sunum oturumu (\u00e7evrimi\u00e7i)<\/li>\n<li data-start=\"4032\" data-end=\"4079\">14:00-20:00 GMT+3: 1\u2019e 1 g\u00f6r\u00fc\u015fmeler (\u00e7evrimi\u00e7i)<\/li>\n<li data-start=\"4082\" data-end=\"4116\">Kay\u0131t son tarihi: 19 Aral\u0131k 2025<\/li>\n<li data-start=\"4119\" data-end=\"4237\">\u0130kili g\u00f6r\u00fc\u015fme toplant\u0131 talebi son tarihi: 14 Ocak 2026 (Platform 1 Kas\u0131m\u2019dan itibaren a\u00e7\u0131k)<\/li>\n<\/ul>\n<p data-start=\"3079\" data-end=\"3106\"><strong data-start=\"3079\" data-end=\"3104\">Neden kat\u0131lmal\u0131s\u0131n\u0131z?<\/strong><\/p>\n<ul>\n<li>K\u0131sa bir sunum yaparak (maks. 3\u20134 dakika) ya da 20 dk\u2019l\u0131k birebir toplant\u0131larla i\u015fbirli\u011fi partneri arama f\u0131rsat\u0131. Detayl\u0131 bilgi i\u00e7in <a href=\"https:\/\/www.b2match.com\/e\/greenet-brokerage-event-2026\/components\/61163\/vtoxipxj0jqb\">Link\u00a0<\/a><\/li>\n<li>\u00dcniversiteler, ara\u015ft\u0131rma merkezleri, KOB\u0130-B\u00fcy\u00fck \u015eirketler, belediyeler, k\u00fcmeler, sivil toplum, kamu otoriteleri gibi Avrupa geneli kat\u0131l\u0131mc\u0131larla konsorsiyum kurma ve proje fikirlerinizi geli\u015ftirme imk\u00e2n\u0131.<\/li>\n<\/ul>\n<p><strong>Odak temalar:<\/strong><\/p>\n<ul>\n<li style=\"list-style-type: none;\">\n<ul>\n<li>\u0130klim bilimleri ve yan\u0131tlar\u0131<\/li>\n<li>\u0130klim ge\u00e7i\u015fi i\u00e7in sekt\u00f6rler aras\u0131 \u00e7\u00f6z\u00fcmler<\/li>\n<li>S\u00fcrd\u00fcr\u00fclebilir, g\u00fcvenli ve rekabet\u00e7i enerji arz\u0131<\/li>\n<li>Etkin, s\u00fcrd\u00fcr\u00fclebilir ve kapsay\u0131c\u0131 enerji kullan\u0131m\u0131<\/li>\n<li>T\u00fcm ta\u015f\u0131ma modlar\u0131nda temiz ve rekabet\u00e7i \u00e7\u00f6z\u00fcmler<\/li>\n<li>Yolcu ve y\u00fck ta\u015f\u0131mac\u0131l\u0131\u011f\u0131nda g\u00fcvenli, diren\u00e7li ve ak\u0131ll\u0131 mobilite hizmetleri<\/li>\n<li>Sosyal Bilimler ve Be\u015feri Bilimler<\/li>\n<\/ul>\n<\/li>\n<\/ul>\n<p data-start=\"4239\" data-end=\"4547\"><strong data-start=\"4239\" data-end=\"4263\">Kat\u0131l\u0131m \u00fccretsizdir.<\/strong> Ancak kay\u0131t ve b2match platformunda profil aktivasyonu zorunludur. Kay\u0131t s\u0131ras\u0131nda; ilgi alanlar\u0131n\u0131z\u0131 se\u00e7in, tercih etti\u011finiz g\u00f6r\u00fc\u015fme saatlerini belirtin ve en az bir \u201cProje \u0130\u015fbirli\u011fi\u201d ilan\u0131 yay\u0131nlay\u0131n (ne sunuyorsunuz ya da ne ar\u0131yorsunuz).<\/p>\n<p data-start=\"4549\" data-end=\"4687\">Horizon Europe Cluster 5\u2019te 2026 teklif haz\u0131rl\u0131k s\u00fcrecinizi h\u0131zland\u0131rmak ve potansiyel partnerler ile tan\u0131\u015fmak i\u00e7in bu f\u0131rsat\u0131 ka\u00e7\u0131rmay\u0131n.<\/p>\n<p>\ud83d\udc49 <a href=\"https:\/\/www.b2match.com\/e\/greenet-brokerage-event-2026\/components\/61163\">Hemen kaydolun<\/a><\/p>\n<p>&nbsp;<\/p>\n<p>Daha fazla bilgi i\u00e7in :<\/p>\n<p>een@sabanciuniv.edu<\/p>\n<p>melih.kucukbas@sabanciuniv.edu<\/p>\n<p>&nbsp;<\/p>\n","protected":false},"excerpt":{"rendered":"<p>Horizon Europe Cluster 5 Ulusal \u0130rtibat Noktalar\u0131 (NCP) a\u011f\u0131 taraf\u0131ndan, Enterprise Europe Network deste\u011fiyle d\u00fczenlenen bu online e\u015fle\u015ftirme ve a\u011f kurma etkinli\u011fi; \u201c\u0130klim, Enerji ve Hareketlilik\u201d ba\u015fl\u0131kl\u0131 HE Cluster 5\u2019\u00fcn [&hellip;]<\/p>\n","protected":false},"author":4,"featured_media":1587,"comment_status":"closed","ping_status":"closed","template":"","meta":{"_acf_changed":false,"_tribe_events_status":"","_tribe_events_status_reason":"","footnotes":""},"tags":[],"tribe_events_cat":[],"class_list":["post-1586","tribe_events","type-tribe_events","status-publish","has-post-thumbnail","hentry"],"yoast_head":"<!-- This site is optimized with the Yoast SEO plugin v24.6 - https:\/\/yoast.com\/wordpress\/plugins\/seo\/ -->\n<title>Horizon Europe CL5 2026 \u00c7a\u011fr\u0131lar\u0131 i\u00e7in GREENET \u0130kili G\u00f6r\u00fc\u015fme Etkinli\u011fi - AIA - Avrupa \u0130\u015fletmeleri A\u011f\u0131<\/title>\n<meta name=\"description\" content=\"Etkinlik, \u201c\u0130klim, Enerji ve Hareketlilik\u201d ba\u015fl\u0131kl\u0131 HE Cluster 5\u2019\u00fcn 2026 \u00c7a\u011fr\u0131 Program\u0131\u2019na ba\u015fvurmay\u0131 planlayan payda\u015flara y\u00f6neliktir.\" \/>\n<meta name=\"robots\" content=\"index, follow, max-snippet:-1, max-image-preview:large, max-video-preview:-1\" \/>\n<link rel=\"canonical\" href=\"https:\/\/www.een-istanbul.org\/en\/event\/horizon-europe-cl5-2026-cagrilari-icin-greenet-ikili-gorusme-etkinligi\/\" \/>\n<meta property=\"og:locale\" content=\"en_US\" \/>\n<meta property=\"og:type\" content=\"article\" \/>\n<meta property=\"og:title\" content=\"Horizon Europe CL5 2026 \u00c7a\u011fr\u0131lar\u0131 i\u00e7in GREENET \u0130kili G\u00f6r\u00fc\u015fme Etkinli\u011fi - AIA - Avrupa \u0130\u015fletmeleri A\u011f\u0131\" \/>\n<meta property=\"og:description\" content=\"Etkinlik, \u201c\u0130klim, Enerji ve Hareketlilik\u201d ba\u015fl\u0131kl\u0131 HE Cluster 5\u2019\u00fcn 2026 \u00c7a\u011fr\u0131 Program\u0131\u2019na ba\u015fvurmay\u0131 planlayan payda\u015flara y\u00f6neliktir.\" \/>\n<meta property=\"og:url\" content=\"https:\/\/www.een-istanbul.org\/en\/event\/horizon-europe-cl5-2026-cagrilari-icin-greenet-ikili-gorusme-etkinligi\/\" \/>\n<meta property=\"og:site_name\" content=\"AIA - Avrupa \u0130\u015fletmeleri A\u011f\u0131\" \/>\n<meta property=\"og:image\" content=\"https:\/\/www.een-istanbul.org\/wp-content\/uploads\/2025\/11\/Picture1.png\" \/>\n\t<meta property=\"og:image:width\" content=\"1655\" \/>\n\t<meta property=\"og:image:height\" content=\"931\" \/>\n\t<meta property=\"og:image:type\" content=\"image\/png\" \/>\n<meta name=\"twitter:card\" content=\"summary_large_image\" \/>\n<meta name=\"twitter:label1\" content=\"Est. reading time\" \/>\n\t<meta name=\"twitter:data1\" content=\"2 minutes\" \/>\n<script type=\"application\/ld+json\" class=\"yoast-schema-graph\">{\"@context\":\"https:\/\/schema.org\",\"@graph\":[{\"@type\":\"WebPage\",\"@id\":\"https:\/\/www.een-istanbul.org\/event\/horizon-europe-cl5-2026-cagrilari-icin-greenet-ikili-gorusme-etkinligi\/\",\"url\":\"https:\/\/www.een-istanbul.org\/event\/horizon-europe-cl5-2026-cagrilari-icin-greenet-ikili-gorusme-etkinligi\/\",\"name\":\"Horizon Europe CL5 2026 \u00c7a\u011fr\u0131lar\u0131 i\u00e7in GREENET \u0130kili G\u00f6r\u00fc\u015fme Etkinli\u011fi - AIA - Avrupa \u0130\u015fletmeleri A\u011f\u0131\",\"isPartOf\":{\"@id\":\"https:\/\/www.een-istanbul.org\/#website\"},\"primaryImageOfPage\":{\"@id\":\"https:\/\/www.een-istanbul.org\/event\/horizon-europe-cl5-2026-cagrilari-icin-greenet-ikili-gorusme-etkinligi\/#primaryimage\"},\"image\":{\"@id\":\"https:\/\/www.een-istanbul.org\/event\/horizon-europe-cl5-2026-cagrilari-icin-greenet-ikili-gorusme-etkinligi\/#primaryimage\"},\"thumbnailUrl\":\"https:\/\/www.een-istanbul.org\/wp-content\/uploads\/2025\/11\/Picture1.png\",\"datePublished\":\"2025-11-24T13:17:45+00:00\",\"description\":\"Etkinlik, \u201c\u0130klim, Enerji ve Hareketlilik\u201d ba\u015fl\u0131kl\u0131 HE Cluster 5\u2019\u00fcn 2026 \u00c7a\u011fr\u0131 Program\u0131\u2019na ba\u015fvurmay\u0131 planlayan payda\u015flara y\u00f6neliktir.\",\"breadcrumb\":{\"@id\":\"https:\/\/www.een-istanbul.org\/event\/horizon-europe-cl5-2026-cagrilari-icin-greenet-ikili-gorusme-etkinligi\/#breadcrumb\"},\"inLanguage\":\"en-US\",\"potentialAction\":[{\"@type\":\"ReadAction\",\"target\":[\"https:\/\/www.een-istanbul.org\/event\/horizon-europe-cl5-2026-cagrilari-icin-greenet-ikili-gorusme-etkinligi\/\"]}]},{\"@type\":\"ImageObject\",\"inLanguage\":\"en-US\",\"@id\":\"https:\/\/www.een-istanbul.org\/event\/horizon-europe-cl5-2026-cagrilari-icin-greenet-ikili-gorusme-etkinligi\/#primaryimage\",\"url\":\"https:\/\/www.een-istanbul.org\/wp-content\/uploads\/2025\/11\/Picture1.png\",\"contentUrl\":\"https:\/\/www.een-istanbul.org\/wp-content\/uploads\/2025\/11\/Picture1.png\",\"width\":1655,\"height\":931},{\"@type\":\"BreadcrumbList\",\"@id\":\"https:\/\/www.een-istanbul.org\/event\/horizon-europe-cl5-2026-cagrilari-icin-greenet-ikili-gorusme-etkinligi\/#breadcrumb\",\"itemListElement\":[{\"@type\":\"ListItem\",\"position\":1,\"name\":\"Home\",\"item\":\"https:\/\/www.een-istanbul.org\/\"},{\"@type\":\"ListItem\",\"position\":2,\"name\":\"Events\",\"item\":\"https:\/\/www.een-istanbul.org\/etkinlikler\/\"},{\"@type\":\"ListItem\",\"position\":3,\"name\":\"Horizon Europe CL5 2026 \u00c7a\u011fr\u0131lar\u0131 i\u00e7in GREENET \u0130kili G\u00f6r\u00fc\u015fme Etkinli\u011fi\"}]},{\"@type\":\"WebSite\",\"@id\":\"https:\/\/www.een-istanbul.org\/#website\",\"url\":\"https:\/\/www.een-istanbul.org\/\",\"name\":\"AIA - Avrupa \u0130\u015fletmeleri A\u011f\u0131\",\"description\":\"\",\"publisher\":{\"@id\":\"https:\/\/www.een-istanbul.org\/#organization\"},\"potentialAction\":[{\"@type\":\"SearchAction\",\"target\":{\"@type\":\"EntryPoint\",\"urlTemplate\":\"https:\/\/www.een-istanbul.org\/?s={search_term_string}\"},\"query-input\":{\"@type\":\"PropertyValueSpecification\",\"valueRequired\":true,\"valueName\":\"search_term_string\"}}],\"inLanguage\":\"en-US\"},{\"@type\":\"Organization\",\"@id\":\"https:\/\/www.een-istanbul.org\/#organization\",\"name\":\"AIA - Avrupa \u0130\u015fletmeleri A\u011f\u0131\",\"url\":\"https:\/\/www.een-istanbul.org\/\",\"logo\":{\"@type\":\"ImageObject\",\"inLanguage\":\"en-US\",\"@id\":\"https:\/\/www.een-istanbul.org\/#\/schema\/logo\/image\/\",\"url\":\"https:\/\/www.een-istanbul.org\/wp-content\/uploads\/2024\/05\/EEN_logo_RGB_HORIZ_negative-header_0.png\",\"contentUrl\":\"https:\/\/www.een-istanbul.org\/wp-content\/uploads\/2024\/05\/EEN_logo_RGB_HORIZ_negative-header_0.png\",\"width\":190,\"height\":72,\"caption\":\"AIA - Avrupa \u0130\u015fletmeleri A\u011f\u0131\"},\"image\":{\"@id\":\"https:\/\/www.een-istanbul.org\/#\/schema\/logo\/image\/\"}}]}<\/script>\n<!-- \/ Yoast SEO plugin. -->","yoast_head_json":{"title":"Horizon Europe CL5 2026 \u00c7a\u011fr\u0131lar\u0131 i\u00e7in GREENET \u0130kili G\u00f6r\u00fc\u015fme Etkinli\u011fi - AIA - Avrupa \u0130\u015fletmeleri A\u011f\u0131","description":"Etkinlik, \u201c\u0130klim, Enerji ve Hareketlilik\u201d ba\u015fl\u0131kl\u0131 HE Cluster 5\u2019\u00fcn 2026 \u00c7a\u011fr\u0131 Program\u0131\u2019na ba\u015fvurmay\u0131 planlayan payda\u015flara y\u00f6neliktir.","robots":{"index":"index","follow":"follow","max-snippet":"max-snippet:-1","max-image-preview":"max-image-preview:large","max-video-preview":"max-video-preview:-1"},"canonical":"https:\/\/www.een-istanbul.org\/en\/event\/horizon-europe-cl5-2026-cagrilari-icin-greenet-ikili-gorusme-etkinligi\/","og_locale":"en_US","og_type":"article","og_title":"Horizon Europe CL5 2026 \u00c7a\u011fr\u0131lar\u0131 i\u00e7in GREENET \u0130kili G\u00f6r\u00fc\u015fme Etkinli\u011fi - AIA - Avrupa \u0130\u015fletmeleri A\u011f\u0131","og_description":"Etkinlik, \u201c\u0130klim, Enerji ve Hareketlilik\u201d ba\u015fl\u0131kl\u0131 HE Cluster 5\u2019\u00fcn 2026 \u00c7a\u011fr\u0131 Program\u0131\u2019na ba\u015fvurmay\u0131 planlayan payda\u015flara y\u00f6neliktir.","og_url":"https:\/\/www.een-istanbul.org\/en\/event\/horizon-europe-cl5-2026-cagrilari-icin-greenet-ikili-gorusme-etkinligi\/","og_site_name":"AIA - Avrupa \u0130\u015fletmeleri A\u011f\u0131","og_image":[{"width":1655,"height":931,"url":"https:\/\/www.een-istanbul.org\/wp-content\/uploads\/2025\/11\/Picture1.png","type":"image\/png"}],"twitter_card":"summary_large_image","twitter_misc":{"Est. reading time":"2 minutes"},"schema":{"@context":"https:\/\/schema.org","@graph":[{"@type":"WebPage","@id":"https:\/\/www.een-istanbul.org\/event\/horizon-europe-cl5-2026-cagrilari-icin-greenet-ikili-gorusme-etkinligi\/","url":"https:\/\/www.een-istanbul.org\/event\/horizon-europe-cl5-2026-cagrilari-icin-greenet-ikili-gorusme-etkinligi\/","name":"Horizon Europe CL5 2026 \u00c7a\u011fr\u0131lar\u0131 i\u00e7in GREENET \u0130kili G\u00f6r\u00fc\u015fme Etkinli\u011fi - AIA - Avrupa \u0130\u015fletmeleri A\u011f\u0131","isPartOf":{"@id":"https:\/\/www.een-istanbul.org\/#website"},"primaryImageOfPage":{"@id":"https:\/\/www.een-istanbul.org\/event\/horizon-europe-cl5-2026-cagrilari-icin-greenet-ikili-gorusme-etkinligi\/#primaryimage"},"image":{"@id":"https:\/\/www.een-istanbul.org\/event\/horizon-europe-cl5-2026-cagrilari-icin-greenet-ikili-gorusme-etkinligi\/#primaryimage"},"thumbnailUrl":"https:\/\/www.een-istanbul.org\/wp-content\/uploads\/2025\/11\/Picture1.png","datePublished":"2025-11-24T13:17:45+00:00","description":"Etkinlik, \u201c\u0130klim, Enerji ve Hareketlilik\u201d ba\u015fl\u0131kl\u0131 HE Cluster 5\u2019\u00fcn 2026 \u00c7a\u011fr\u0131 Program\u0131\u2019na ba\u015fvurmay\u0131 planlayan payda\u015flara y\u00f6neliktir.","breadcrumb":{"@id":"https:\/\/www.een-istanbul.org\/event\/horizon-europe-cl5-2026-cagrilari-icin-greenet-ikili-gorusme-etkinligi\/#breadcrumb"},"inLanguage":"en-US","potentialAction":[{"@type":"ReadAction","target":["https:\/\/www.een-istanbul.org\/event\/horizon-europe-cl5-2026-cagrilari-icin-greenet-ikili-gorusme-etkinligi\/"]}]},{"@type":"ImageObject","inLanguage":"en-US","@id":"https:\/\/www.een-istanbul.org\/event\/horizon-europe-cl5-2026-cagrilari-icin-greenet-ikili-gorusme-etkinligi\/#primaryimage","url":"https:\/\/www.een-istanbul.org\/wp-content\/uploads\/2025\/11\/Picture1.png","contentUrl":"https:\/\/www.een-istanbul.org\/wp-content\/uploads\/2025\/11\/Picture1.png","width":1655,"height":931},{"@type":"BreadcrumbList","@id":"https:\/\/www.een-istanbul.org\/event\/horizon-europe-cl5-2026-cagrilari-icin-greenet-ikili-gorusme-etkinligi\/#breadcrumb","itemListElement":[{"@type":"ListItem","position":1,"name":"Home","item":"https:\/\/www.een-istanbul.org\/"},{"@type":"ListItem","position":2,"name":"Events","item":"https:\/\/www.een-istanbul.org\/etkinlikler\/"},{"@type":"ListItem","position":3,"name":"Horizon Europe CL5 2026 \u00c7a\u011fr\u0131lar\u0131 i\u00e7in GREENET \u0130kili G\u00f6r\u00fc\u015fme Etkinli\u011fi"}]},{"@type":"WebSite","@id":"https:\/\/www.een-istanbul.org\/#website","url":"https:\/\/www.een-istanbul.org\/","name":"AIA - Avrupa \u0130\u015fletmeleri A\u011f\u0131","description":"","publisher":{"@id":"https:\/\/www.een-istanbul.org\/#organization"},"potentialAction":[{"@type":"SearchAction","target":{"@type":"EntryPoint","urlTemplate":"https:\/\/www.een-istanbul.org\/?s={search_term_string}"},"query-input":{"@type":"PropertyValueSpecification","valueRequired":true,"valueName":"search_term_string"}}],"inLanguage":"en-US"},{"@type":"Organization","@id":"https:\/\/www.een-istanbul.org\/#organization","name":"AIA - Avrupa \u0130\u015fletmeleri A\u011f\u0131","url":"https:\/\/www.een-istanbul.org\/","logo":{"@type":"ImageObject","inLanguage":"en-US","@id":"https:\/\/www.een-istanbul.org\/#\/schema\/logo\/image\/","url":"https:\/\/www.een-istanbul.org\/wp-content\/uploads\/2024\/05\/EEN_logo_RGB_HORIZ_negative-header_0.png","contentUrl":"https:\/\/www.een-istanbul.org\/wp-content\/uploads\/2024\/05\/EEN_logo_RGB_HORIZ_negative-header_0.png","width":190,"height":72,"caption":"AIA - Avrupa \u0130\u015fletmeleri A\u011f\u0131"},"image":{"@id":"https:\/\/www.een-istanbul.org\/#\/schema\/logo\/image\/"}}]}},"acf":[],"_links":{"self":[{"href":"https:\/\/www.een-istanbul.org\/en\/wp-json\/wp\/v2\/tribe_events\/1586","targetHints":{"allow":["GET"]}}],"collection":[{"href":"https:\/\/www.een-istanbul.org\/en\/wp-json\/wp\/v2\/tribe_events"}],"about":[{"href":"https:\/\/www.een-istanbul.org\/en\/wp-json\/wp\/v2\/types\/tribe_events"}],"author":[{"embeddable":true,"href":"https:\/\/www.een-istanbul.org\/en\/wp-json\/wp\/v2\/users\/4"}],"replies":[{"embeddable":true,"href":"https:\/\/www.een-istanbul.org\/en\/wp-json\/wp\/v2\/comments?post=1586"}],"version-history":[{"count":7,"href":"https:\/\/www.een-istanbul.org\/en\/wp-json\/wp\/v2\/tribe_events\/1586\/revisions"}],"predecessor-version":[{"id":1594,"href":"https:\/\/www.een-istanbul.org\/en\/wp-json\/wp\/v2\/tribe_events\/1586\/revisions\/1594"}],"wp:featuredmedia":[{"embeddable":true,"href":"https:\/\/www.een-istanbul.org\/en\/wp-json\/wp\/v2\/media\/1587"}],"wp:attachment":[{"href":"https:\/\/www.een-istanbul.org\/en\/wp-json\/wp\/v2\/media?parent=1586"}],"wp:term":[{"taxonomy":"post_tag","embeddable":true,"href":"https:\/\/www.een-istanbul.org\/en\/wp-json\/wp\/v2\/tags?post=1586"},{"taxonomy":"tribe_events_cat","embeddable":true,"href":"https:\/\/www.een-istanbul.org\/en\/wp-json\/wp\/v2\/tribe_events_cat?post=1586"}],"curies":[{"name":"wp","href":"https:\/\/api.w.org\/{rel}","templated":true}]}}