{"id":1839,"date":"2026-09-02T13:48:47","date_gmt":"2026-09-02T10:48:47","guid":{"rendered":"https:\/\/www.een-istanbul.org\/?post_type=tribe_events&#038;p=1839"},"modified":"2026-09-02T15:00:58","modified_gmt":"2026-09-02T12:00:58","slug":"icturkiye2026-uluslararasi-proje-pazari-etkinligi-29-eylul-2026","status":"publish","type":"tribe_events","link":"https:\/\/www.een-istanbul.org\/en\/event\/icturkiye2026-uluslararasi-proje-pazari-etkinligi-29-eylul-2026\/","title":{"rendered":"ICT\u00fcrkiye2026 Uluslararas\u0131 Proje Pazar\u0131 Etkinli\u011fi \u2013 29 Eyl\u00fcl 2026"},"content":{"rendered":"<p>Sizleri, <strong>29 Eyl\u00fcl 2026 tarihinde \u00e7evrim i\u00e7i olarak ger\u00e7ekle\u015ftirilecek ICT\u00fcrkiye2026 Uluslararas\u0131 Proje Pazar\u0131 Etkinli\u011fi\u2019ne<\/strong> davet etmekten memnuniyet duyar\u0131z.<\/p>\n<p><strong>\u201cT\u00fcrkiye\u2019nin Ufuk Avrupa Program\u0131na Kat\u0131l\u0131m\u0131n\u0131n G\u00fc\u00e7lendirilmesine Y\u00f6nelik Teknik Destek Projesi\u201d ve T\u00dcB\u0130TAK<\/strong> taraf\u0131ndan d\u00fczenlenen etkinlik; Avrupa\u2019n\u0131n farkl\u0131 \u00fclkelerinden \u00fcniversiteleri, ara\u015ft\u0131rma kurulu\u015flar\u0131n\u0131, firmalar\u0131, start-up\u2019lar\u0131 ve kamu kurumlar\u0131n\u0131 bir araya getirerek <strong>Ufuk Avrupa 2027 \u00e7a\u011fr\u0131lar\u0131na y\u00f6nelik proje fikirlerinin payla\u015f\u0131lmas\u0131n\u0131 ve yeni proje ortakl\u0131klar\u0131n\u0131n geli\u015ftirilmesini<\/strong> ama\u00e7lamaktad\u0131r.<\/p>\n<p>Etkinlik kapsam\u0131nda a\u015fa\u011f\u0131daki tematik alanlara odaklan\u0131lacakt\u0131r:<\/p>\n<ul>\n<li>Dijital ve Ak\u0131ll\u0131 Sa\u011fl\u0131k<\/li>\n<li>Sanayinin Ye\u015fil ve Dijital D\u00f6n\u00fc\u015f\u00fcm\u00fc<\/li>\n<li>Ak\u0131ll\u0131 Mobilite<\/li>\n<li>Ak\u0131ll\u0131 ve Yenilenebilir Enerji<\/li>\n<\/ul>\n<p>Kat\u0131l\u0131mc\u0131lar ayr\u0131ca tematik \u00e7a\u011fr\u0131 oturumlar\u0131na, <strong>Cascade Funding ve Lump Sum Funding<\/strong> konular\u0131ndaki uygulamal\u0131 \u00e7al\u0131\u015ftaylara, proje fikri sunumlar\u0131na (pitching) ve ikili i\u015f g\u00f6r\u00fc\u015fmelerine kat\u0131labilecektir.<\/p>\n<p>Etkinlik sonras\u0131nda da i\u015f birliklerinin devam\u0131n\u0131 desteklemek amac\u0131yla e\u015fle\u015ftirme platformu <strong>Mart 2027\u2019ye kadar, be\u015f ay boyunca a\u00e7\u0131k kalacak<\/strong> ve yakla\u015fan \u00e7a\u011fr\u0131lar i\u00e7in konsorsiyum olu\u015fturma ve proje haz\u0131rl\u0131k \u00e7al\u0131\u015fmalar\u0131na imk\u00e2n sa\u011flayacakt\u0131r.<\/p>\n<p><strong>Kat\u0131l\u0131m \u00fccretsizdir.<\/strong> Etkinlik hakk\u0131nda detayl\u0131 bilgiye ve kay\u0131t sayfas\u0131na a\u015fa\u011f\u0131daki ba\u011flant\u0131dan ula\u015fabilirsiniz:<\/p>\n<p><em><strong>https:\/\/www.b2match.com\/e\/icturkiye2026-international-brokerage-event<\/strong><\/em><\/p>\n<p><img fetchpriority=\"high\" decoding=\"async\" class=\"alignnone size-full wp-image-1840\" src=\"https:\/\/www.een-istanbul.org\/wp-content\/uploads\/2026\/09\/Banner-scaled.png\" alt=\"\" width=\"2560\" height=\"853\" srcset=\"https:\/\/www.een-istanbul.org\/wp-content\/uploads\/2026\/09\/Banner-scaled.png 2560w, https:\/\/www.een-istanbul.org\/wp-content\/uploads\/2026\/09\/Banner-300x100.png 300w, https:\/\/www.een-istanbul.org\/wp-content\/uploads\/2026\/09\/Banner-1024x341.png 1024w, https:\/\/www.een-istanbul.org\/wp-content\/uploads\/2026\/09\/Banner-768x256.png 768w, https:\/\/www.een-istanbul.org\/wp-content\/uploads\/2026\/09\/Banner-1536x512.png 1536w, https:\/\/www.een-istanbul.org\/wp-content\/uploads\/2026\/09\/Banner-2048x683.png 2048w, https:\/\/www.een-istanbul.org\/wp-content\/uploads\/2026\/09\/Banner-18x6.png 18w\" sizes=\"(max-width: 2560px) 100vw, 2560px\" \/><\/p>\n<p>&nbsp;<\/p>\n<p>ICT\u00fcrkiye2026\u2019da g\u00f6r\u00fc\u015fmek \u00fczere,<\/p>\n<p>&nbsp;<\/p>\n","protected":false},"excerpt":{"rendered":"<p>Sizleri, 29 Eyl\u00fcl 2026 tarihinde \u00e7evrim i\u00e7i olarak ger\u00e7ekle\u015ftirilecek ICT\u00fcrkiye2026 Uluslararas\u0131 Proje Pazar\u0131 Etkinli\u011fi\u2019ne davet etmekten memnuniyet duyar\u0131z. \u201cT\u00fcrkiye\u2019nin Ufuk Avrupa Program\u0131na Kat\u0131l\u0131m\u0131n\u0131n G\u00fc\u00e7lendirilmesine Y\u00f6nelik Teknik Destek Projesi\u201d ve T\u00dcB\u0130TAK [&hellip;]<\/p>\n","protected":false},"author":1,"featured_media":0,"comment_status":"closed","ping_status":"closed","template":"","meta":{"_acf_changed":false,"_tribe_events_status":"","_tribe_events_status_reason":"","footnotes":""},"tags":[21,33,22,18],"tribe_events_cat":[17],"class_list":["post-1839","tribe_events","type-tribe_events","status-publish","hentry","tag-horizon-europe","tag-ict","tag-tubitak","tag-ufukavrupa","tribe_events_cat-general","cat_general"],"yoast_head":"<!-- This site is optimized with the Yoast SEO plugin v24.6 - https:\/\/yoast.com\/wordpress\/plugins\/seo\/ -->\n<title>ICT\u00fcrkiye2026 Uluslararas\u0131 Proje Pazar\u0131 Etkinli\u011fi \u2013 29 Eyl\u00fcl 2026 - AIA - Avrupa \u0130\u015fletmeleri A\u011f\u0131<\/title>\n<meta name=\"description\" content=\"IC T\u00fcrkiye2026 Istanbul 29 Eyl\u00fcl 2026\" \/>\n<meta name=\"robots\" content=\"index, follow, max-snippet:-1, max-image-preview:large, max-video-preview:-1\" \/>\n<link rel=\"canonical\" href=\"https:\/\/www.een-istanbul.org\/en\/event\/icturkiye2026-uluslararasi-proje-pazari-etkinligi-29-eylul-2026\/\" \/>\n<meta property=\"og:locale\" content=\"en_US\" \/>\n<meta property=\"og:type\" content=\"article\" \/>\n<meta property=\"og:title\" content=\"ICT\u00fcrkiye2026 Uluslararas\u0131 Proje Pazar\u0131 Etkinli\u011fi \u2013 29 Eyl\u00fcl 2026 - AIA - Avrupa \u0130\u015fletmeleri A\u011f\u0131\" \/>\n<meta property=\"og:description\" content=\"IC T\u00fcrkiye2026 Istanbul 29 Eyl\u00fcl 2026\" \/>\n<meta property=\"og:url\" content=\"https:\/\/www.een-istanbul.org\/en\/event\/icturkiye2026-uluslararasi-proje-pazari-etkinligi-29-eylul-2026\/\" \/>\n<meta property=\"og:site_name\" content=\"AIA - Avrupa \u0130\u015fletmeleri A\u011f\u0131\" \/>\n<meta property=\"article:modified_time\" content=\"2026-09-02T12:00:58+00:00\" \/>\n<meta property=\"og:image\" content=\"https:\/\/www.een-istanbul.org\/wp-content\/uploads\/2026\/09\/Banner-scaled.png\" \/>\n\t<meta property=\"og:image:width\" content=\"2560\" \/>\n\t<meta property=\"og:image:height\" content=\"853\" \/>\n\t<meta property=\"og:image:type\" content=\"image\/png\" \/>\n<meta name=\"twitter:card\" content=\"summary_large_image\" \/>\n<meta name=\"twitter:label1\" content=\"Est. reading time\" \/>\n\t<meta name=\"twitter:data1\" content=\"1 minute\" \/>\n<script type=\"application\/ld+json\" class=\"yoast-schema-graph\">{\"@context\":\"https:\/\/schema.org\",\"@graph\":[{\"@type\":\"WebPage\",\"@id\":\"https:\/\/www.een-istanbul.org\/event\/icturkiye2026-uluslararasi-proje-pazari-etkinligi-29-eylul-2026\/\",\"url\":\"https:\/\/www.een-istanbul.org\/event\/icturkiye2026-uluslararasi-proje-pazari-etkinligi-29-eylul-2026\/\",\"name\":\"ICT\u00fcrkiye2026 Uluslararas\u0131 Proje Pazar\u0131 Etkinli\u011fi \u2013 29 Eyl\u00fcl 2026 - AIA - Avrupa \u0130\u015fletmeleri A\u011f\u0131\",\"isPartOf\":{\"@id\":\"https:\/\/www.een-istanbul.org\/#website\"},\"primaryImageOfPage\":{\"@id\":\"https:\/\/www.een-istanbul.org\/event\/icturkiye2026-uluslararasi-proje-pazari-etkinligi-29-eylul-2026\/#primaryimage\"},\"image\":{\"@id\":\"https:\/\/www.een-istanbul.org\/event\/icturkiye2026-uluslararasi-proje-pazari-etkinligi-29-eylul-2026\/#primaryimage\"},\"thumbnailUrl\":\"https:\/\/www.een-istanbul.org\/wp-content\/uploads\/2026\/09\/Banner-scaled.png\",\"datePublished\":\"2026-09-02T10:48:47+00:00\",\"dateModified\":\"2026-09-02T12:00:58+00:00\",\"description\":\"IC T\u00fcrkiye2026 Istanbul 29 Eyl\u00fcl 2026\",\"breadcrumb\":{\"@id\":\"https:\/\/www.een-istanbul.org\/event\/icturkiye2026-uluslararasi-proje-pazari-etkinligi-29-eylul-2026\/#breadcrumb\"},\"inLanguage\":\"en-US\",\"potentialAction\":[{\"@type\":\"ReadAction\",\"target\":[\"https:\/\/www.een-istanbul.org\/event\/icturkiye2026-uluslararasi-proje-pazari-etkinligi-29-eylul-2026\/\"]}]},{\"@type\":\"ImageObject\",\"inLanguage\":\"en-US\",\"@id\":\"https:\/\/www.een-istanbul.org\/event\/icturkiye2026-uluslararasi-proje-pazari-etkinligi-29-eylul-2026\/#primaryimage\",\"url\":\"https:\/\/www.een-istanbul.org\/wp-content\/uploads\/2026\/09\/Banner-scaled.png\",\"contentUrl\":\"https:\/\/www.een-istanbul.org\/wp-content\/uploads\/2026\/09\/Banner-scaled.png\"},{\"@type\":\"BreadcrumbList\",\"@id\":\"https:\/\/www.een-istanbul.org\/event\/icturkiye2026-uluslararasi-proje-pazari-etkinligi-29-eylul-2026\/#breadcrumb\",\"itemListElement\":[{\"@type\":\"ListItem\",\"position\":1,\"name\":\"Home\",\"item\":\"https:\/\/www.een-istanbul.org\/\"},{\"@type\":\"ListItem\",\"position\":2,\"name\":\"Events\",\"item\":\"https:\/\/www.een-istanbul.org\/etkinlikler\/\"},{\"@type\":\"ListItem\",\"position\":3,\"name\":\"ICT\u00fcrkiye2026 Uluslararas\u0131 Proje Pazar\u0131 Etkinli\u011fi \u2013 29 Eyl\u00fcl 2026\"}]},{\"@type\":\"WebSite\",\"@id\":\"https:\/\/www.een-istanbul.org\/#website\",\"url\":\"https:\/\/www.een-istanbul.org\/\",\"name\":\"AIA - Avrupa \u0130\u015fletmeleri A\u011f\u0131\",\"description\":\"\",\"publisher\":{\"@id\":\"https:\/\/www.een-istanbul.org\/#organization\"},\"potentialAction\":[{\"@type\":\"SearchAction\",\"target\":{\"@type\":\"EntryPoint\",\"urlTemplate\":\"https:\/\/www.een-istanbul.org\/?s={search_term_string}\"},\"query-input\":{\"@type\":\"PropertyValueSpecification\",\"valueRequired\":true,\"valueName\":\"search_term_string\"}}],\"inLanguage\":\"en-US\"},{\"@type\":\"Organization\",\"@id\":\"https:\/\/www.een-istanbul.org\/#organization\",\"name\":\"AIA - Avrupa \u0130\u015fletmeleri A\u011f\u0131\",\"url\":\"https:\/\/www.een-istanbul.org\/\",\"logo\":{\"@type\":\"ImageObject\",\"inLanguage\":\"en-US\",\"@id\":\"https:\/\/www.een-istanbul.org\/#\/schema\/logo\/image\/\",\"url\":\"https:\/\/www.een-istanbul.org\/wp-content\/uploads\/2024\/05\/EEN_logo_RGB_HORIZ_negative-header_0.png\",\"contentUrl\":\"https:\/\/www.een-istanbul.org\/wp-content\/uploads\/2024\/05\/EEN_logo_RGB_HORIZ_negative-header_0.png\",\"width\":190,\"height\":72,\"caption\":\"AIA - Avrupa \u0130\u015fletmeleri A\u011f\u0131\"},\"image\":{\"@id\":\"https:\/\/www.een-istanbul.org\/#\/schema\/logo\/image\/\"}}]}<\/script>\n<!-- \/ Yoast SEO plugin. -->","yoast_head_json":{"title":"ICT\u00fcrkiye2026 Uluslararas\u0131 Proje Pazar\u0131 Etkinli\u011fi \u2013 29 Eyl\u00fcl 2026 - AIA - Avrupa \u0130\u015fletmeleri A\u011f\u0131","description":"IC T\u00fcrkiye2026 Istanbul 29 Eyl\u00fcl 2026","robots":{"index":"index","follow":"follow","max-snippet":"max-snippet:-1","max-image-preview":"max-image-preview:large","max-video-preview":"max-video-preview:-1"},"canonical":"https:\/\/www.een-istanbul.org\/en\/event\/icturkiye2026-uluslararasi-proje-pazari-etkinligi-29-eylul-2026\/","og_locale":"en_US","og_type":"article","og_title":"ICT\u00fcrkiye2026 Uluslararas\u0131 Proje Pazar\u0131 Etkinli\u011fi \u2013 29 Eyl\u00fcl 2026 - AIA - Avrupa \u0130\u015fletmeleri A\u011f\u0131","og_description":"IC T\u00fcrkiye2026 Istanbul 29 Eyl\u00fcl 2026","og_url":"https:\/\/www.een-istanbul.org\/en\/event\/icturkiye2026-uluslararasi-proje-pazari-etkinligi-29-eylul-2026\/","og_site_name":"AIA - Avrupa \u0130\u015fletmeleri A\u011f\u0131","article_modified_time":"2026-09-02T12:00:58+00:00","og_image":[{"width":2560,"height":853,"url":"https:\/\/www.een-istanbul.org\/wp-content\/uploads\/2026\/09\/Banner-scaled.png","type":"image\/png"}],"twitter_card":"summary_large_image","twitter_misc":{"Est. reading time":"1 minute"},"schema":{"@context":"https:\/\/schema.org","@graph":[{"@type":"WebPage","@id":"https:\/\/www.een-istanbul.org\/event\/icturkiye2026-uluslararasi-proje-pazari-etkinligi-29-eylul-2026\/","url":"https:\/\/www.een-istanbul.org\/event\/icturkiye2026-uluslararasi-proje-pazari-etkinligi-29-eylul-2026\/","name":"ICT\u00fcrkiye2026 Uluslararas\u0131 Proje Pazar\u0131 Etkinli\u011fi \u2013 29 Eyl\u00fcl 2026 - AIA - Avrupa \u0130\u015fletmeleri A\u011f\u0131","isPartOf":{"@id":"https:\/\/www.een-istanbul.org\/#website"},"primaryImageOfPage":{"@id":"https:\/\/www.een-istanbul.org\/event\/icturkiye2026-uluslararasi-proje-pazari-etkinligi-29-eylul-2026\/#primaryimage"},"image":{"@id":"https:\/\/www.een-istanbul.org\/event\/icturkiye2026-uluslararasi-proje-pazari-etkinligi-29-eylul-2026\/#primaryimage"},"thumbnailUrl":"https:\/\/www.een-istanbul.org\/wp-content\/uploads\/2026\/09\/Banner-scaled.png","datePublished":"2026-09-02T10:48:47+00:00","dateModified":"2026-09-02T12:00:58+00:00","description":"IC T\u00fcrkiye2026 Istanbul 29 Eyl\u00fcl 2026","breadcrumb":{"@id":"https:\/\/www.een-istanbul.org\/event\/icturkiye2026-uluslararasi-proje-pazari-etkinligi-29-eylul-2026\/#breadcrumb"},"inLanguage":"en-US","potentialAction":[{"@type":"ReadAction","target":["https:\/\/www.een-istanbul.org\/event\/icturkiye2026-uluslararasi-proje-pazari-etkinligi-29-eylul-2026\/"]}]},{"@type":"ImageObject","inLanguage":"en-US","@id":"https:\/\/www.een-istanbul.org\/event\/icturkiye2026-uluslararasi-proje-pazari-etkinligi-29-eylul-2026\/#primaryimage","url":"https:\/\/www.een-istanbul.org\/wp-content\/uploads\/2026\/09\/Banner-scaled.png","contentUrl":"https:\/\/www.een-istanbul.org\/wp-content\/uploads\/2026\/09\/Banner-scaled.png"},{"@type":"BreadcrumbList","@id":"https:\/\/www.een-istanbul.org\/event\/icturkiye2026-uluslararasi-proje-pazari-etkinligi-29-eylul-2026\/#breadcrumb","itemListElement":[{"@type":"ListItem","position":1,"name":"Home","item":"https:\/\/www.een-istanbul.org\/"},{"@type":"ListItem","position":2,"name":"Events","item":"https:\/\/www.een-istanbul.org\/etkinlikler\/"},{"@type":"ListItem","position":3,"name":"ICT\u00fcrkiye2026 Uluslararas\u0131 Proje Pazar\u0131 Etkinli\u011fi \u2013 29 Eyl\u00fcl 2026"}]},{"@type":"WebSite","@id":"https:\/\/www.een-istanbul.org\/#website","url":"https:\/\/www.een-istanbul.org\/","name":"AIA - Avrupa \u0130\u015fletmeleri A\u011f\u0131","description":"","publisher":{"@id":"https:\/\/www.een-istanbul.org\/#organization"},"potentialAction":[{"@type":"SearchAction","target":{"@type":"EntryPoint","urlTemplate":"https:\/\/www.een-istanbul.org\/?s={search_term_string}"},"query-input":{"@type":"PropertyValueSpecification","valueRequired":true,"valueName":"search_term_string"}}],"inLanguage":"en-US"},{"@type":"Organization","@id":"https:\/\/www.een-istanbul.org\/#organization","name":"AIA - Avrupa \u0130\u015fletmeleri A\u011f\u0131","url":"https:\/\/www.een-istanbul.org\/","logo":{"@type":"ImageObject","inLanguage":"en-US","@id":"https:\/\/www.een-istanbul.org\/#\/schema\/logo\/image\/","url":"https:\/\/www.een-istanbul.org\/wp-content\/uploads\/2024\/05\/EEN_logo_RGB_HORIZ_negative-header_0.png","contentUrl":"https:\/\/www.een-istanbul.org\/wp-content\/uploads\/2024\/05\/EEN_logo_RGB_HORIZ_negative-header_0.png","width":190,"height":72,"caption":"AIA - Avrupa \u0130\u015fletmeleri A\u011f\u0131"},"image":{"@id":"https:\/\/www.een-istanbul.org\/#\/schema\/logo\/image\/"}}]}},"acf":[],"_links":{"self":[{"href":"https:\/\/www.een-istanbul.org\/en\/wp-json\/wp\/v2\/tribe_events\/1839","targetHints":{"allow":["GET"]}}],"collection":[{"href":"https:\/\/www.een-istanbul.org\/en\/wp-json\/wp\/v2\/tribe_events"}],"about":[{"href":"https:\/\/www.een-istanbul.org\/en\/wp-json\/wp\/v2\/types\/tribe_events"}],"author":[{"embeddable":true,"href":"https:\/\/www.een-istanbul.org\/en\/wp-json\/wp\/v2\/users\/1"}],"replies":[{"embeddable":true,"href":"https:\/\/www.een-istanbul.org\/en\/wp-json\/wp\/v2\/comments?post=1839"}],"version-history":[{"count":2,"href":"https:\/\/www.een-istanbul.org\/en\/wp-json\/wp\/v2\/tribe_events\/1839\/revisions"}],"predecessor-version":[{"id":1846,"href":"https:\/\/www.een-istanbul.org\/en\/wp-json\/wp\/v2\/tribe_events\/1839\/revisions\/1846"}],"wp:attachment":[{"href":"https:\/\/www.een-istanbul.org\/en\/wp-json\/wp\/v2\/media?parent=1839"}],"wp:term":[{"taxonomy":"post_tag","embeddable":true,"href":"https:\/\/www.een-istanbul.org\/en\/wp-json\/wp\/v2\/tags?post=1839"},{"taxonomy":"tribe_events_cat","embeddable":true,"href":"https:\/\/www.een-istanbul.org\/en\/wp-json\/wp\/v2\/tribe_events_cat?post=1839"}],"curies":[{"name":"wp","href":"https:\/\/api.w.org\/{rel}","templated":true}]}}